{"id":254,"date":"2024-03-22T08:52:43","date_gmt":"2024-03-22T07:52:43","guid":{"rendered":"https:\/\/www.aquitheaterberlin.de\/?page_id=254"},"modified":"2024-08-15T15:02:31","modified_gmt":"2024-08-15T19:02:31","slug":"en-escena","status":"publish","type":"page","link":"https:\/\/www.aquitheaterberlin.de\/de\/en-escena\/","title":{"rendered":"Auf der B\u00fchne"},"content":{"rendered":"<p>[et_pb_section fb_built=\u00bb1&#8243; _builder_version=\u00bb4.24.1&#8243; background_color=\u00bb#383838&#8243; background_image=\u00bbhttps:\/\/www.aquitheaterberlin.de\/wp-content\/uploads\/2024\/04\/3.jpg\u00bb parallax=\u00bbon\u00bb z_index=\u00bb9&#8243; custom_padding=\u00bb252px||252px||true|false\u00bb bottom_divider_height=\u00bb66px\u00bb global_colors_info=\u00bb{}\u00bb][et_pb_row disabled_on=\u00bbon|on|on\u00bb _builder_version=\u00bb4.16&#8243; disabled=\u00bbon\u00bb global_colors_info=\u00bb{}\u00bb][et_pb_column type=\u00bb4_4&#8243; _builder_version=\u00bb4.16&#8243; custom_padding=\u00bb|||\u00bb global_colors_info=\u00bb{}\u00bb custom_padding__hover=\u00bb|||\u00bb][et_pb_text _builder_version=\u00bb4.16&#8243; text_font=\u00bbNunito||||||||\u00bb text_font_size=\u00bb15px\u00bb header_font=\u00bbPoppins|600||on|||||\u00bb header_text_align=\u00bbleft\u00bb header_text_color=\u00bb#ffffff\u00bb header_font_size=\u00bb14px\u00bb header_letter_spacing=\u00bb2px\u00bb header_line_height=\u00bb1.3em\u00bb header_font_size_tablet=\u00bb\u00bb header_font_size_phone=\u00bb14px\u00bb header_font_size_last_edited=\u00bbon|phone\u00bb global_colors_info=\u00bb{}\u00bb]<\/p>\n<h1>Lorem Ipsum Dolor<\/h1>\n<p>[\/et_pb_text][et_pb_text disabled_on=\u00bbon|on|on\u00bb _builder_version=\u00bb4.24.1&#8243; text_font=\u00bbRoboto Condensed|300|||||||\u00bb text_text_color=\u00bb#FFFFFF\u00bb text_font_size=\u00bb18px\u00bb text_line_height=\u00bb1.8em\u00bb max_width=\u00bb627px\u00bb custom_margin=\u00bb-10px||||false|false\u00bb custom_margin_tablet=\u00bb-20px||||false|false\u00bb custom_margin_phone=\u00bb-20px||||false|false\u00bb custom_margin_last_edited=\u00bbon|phone\u00bb disabled=\u00bbon\u00bb global_colors_info=\u00bb{}\u00bb]<\/p>\n<p><span>En AQUI, nuestra misi\u00f3n primordial es abordar temas tab\u00fa en nuestra sociedad, utilizando el arte como una poderosa herramienta transformadora. \u00a0Junto a nosotras podr\u00e1s encontrar:<\/span><\/p>\n<p>[\/et_pb_text][et_pb_button button_text=\u00bbVIEW MORE\u00bb button_alignment=\u00bbleft\u00bb _builder_version=\u00bb4.16&#8243; custom_button=\u00bbon\u00bb button_text_size=\u00bb14px\u00bb button_text_color=\u00bb#000000&#8243; button_bg_color=\u00bb#ffffff\u00bb button_border_width=\u00bb1px\u00bb button_border_color=\u00bb#ffffff\u00bb button_border_radius=\u00bb0px\u00bb button_letter_spacing=\u00bb1px\u00bb button_font=\u00bbPoppins|||on|||||\u00bb button_use_icon=\u00bboff\u00bb custom_margin=\u00bb||\u00bb custom_padding=\u00bb17px|30px|17px|30px|true|true\u00bb global_colors_info=\u00bb{}\u00bb button_bg_color__hover_enabled=\u00bbon\u00bb button_bg_color__hover=\u00bb#bfbfbf\u00bb button_letter_spacing__hover_enabled=\u00bbon\u00bb button_letter_spacing__hover=\u00bb2px\u00bb button_border_color__hover_enabled=\u00bbon\u00bb button_border_color__hover=\u00bb#bfbfbf\u00bb button_text_color__hover_enabled=\u00bbon\u00bb button_text_color__hover=\u00bb#474747&#8243;][\/et_pb_button][\/et_pb_column][\/et_pb_row][\/et_pb_section][et_pb_section fb_built=\u00bb1&#8243; custom_padding_last_edited=\u00bbon|desktop\u00bb disabled_on=\u00bboff|off|off\u00bb _builder_version=\u00bb4.27.0&#8243; z_index=\u00bb9&#8243; custom_margin=\u00bb-8px|||||\u00bb custom_padding=\u00bb17px|0px|17px|0px|true|false\u00bb custom_padding_tablet=\u00bb\u00bb custom_padding_phone=\u00bb90px||150px||false\u00bb global_colors_info=\u00bb{}\u00bb][et_pb_row use_custom_gutter=\u00bbon\u00bb gutter_width=\u00bb2&#8243; make_equal=\u00bbon\u00bb _builder_version=\u00bb4.27.0&#8243; width_tablet=\u00bb90%\u00bb width_phone=\u00bb90%\u00bb width_last_edited=\u00bboff|phone\u00bb max_width_tablet=\u00bb90%\u00bb max_width_phone=\u00bb90%\u00bb max_width_last_edited=\u00bboff|tablet\u00bb custom_padding=\u00bb||45px|||\u00bb animation_style=\u00bbfade\u00bb animation_direction=\u00bbbottom\u00bb global_colors_info=\u00bb{}\u00bb][et_pb_column type=\u00bb4_4&#8243; _builder_version=\u00bb4.16&#8243; custom_padding=\u00bb|||\u00bb global_colors_info=\u00bb{}\u00bb custom_padding__hover=\u00bb|||\u00bb][et_pb_text _builder_version=\u00bb4.24.1&#8243; text_font=\u00bbMuli||||||||\u00bb text_text_color=\u00bb#5499D4&#8243; text_font_size=\u00bb16px\u00bb header_font=\u00bbRoboto Condensed|700|||||||\u00bb header_text_align=\u00bbcenter\u00bb header_text_color=\u00bb#000000&#8243; header_line_height=\u00bb1.3em\u00bb text_orientation=\u00bbcenter\u00bb max_width=\u00bb900px\u00bb module_alignment=\u00bbcenter\u00bb header_font_size_tablet=\u00bb\u00bb header_font_size_phone=\u00bb25px\u00bb header_font_size_last_edited=\u00bbon|desktop\u00bb header_line_height_tablet=\u00bb\u00bb header_line_height_phone=\u00bb1.2em\u00bb header_line_height_last_edited=\u00bbon|desktop\u00bb global_colors_info=\u00bb{}\u00bb]<\/p>\n<h1>EN ESCENA<\/h1>\n<p>[\/et_pb_text][et_pb_text _builder_version=\u00bb4.27.0&#8243; text_font=\u00bbRoboto|300|||||||\u00bb text_text_color=\u00bb#000000&#8243; text_font_size=\u00bb18px\u00bb text_line_height=\u00bb1.8em\u00bb link_font=\u00bb||||||||\u00bb header_font=\u00bbMuli|700|||||||\u00bb header_text_align=\u00bbcenter\u00bb header_text_color=\u00bb#297FCA\u00bb text_orientation=\u00bbcenter\u00bb max_width=\u00bb820px\u00bb module_alignment=\u00bbcenter\u00bb custom_margin=\u00bb-14px||31px|||\u00bb global_colors_info=\u00bb{}\u00bb]<\/p>\n<p><span>Nuestras creaciones se desarrollan con artistas profesionales multidisciplinarixs con experiencias internacionales. La investigaci\u00f3n comienza desde el cuerpo, ya sea desde la danza, el teatro f\u00edsico o la danza teatro. Utilizamos herramientas del teatro brechtiano para invitar a la reflexi\u00f3n y nos caracterizamos por iniciar nuestras creaciones a partir de biograf\u00edas individuales o colectivas para luego transformarlas en una ficci\u00f3n. \u00a0<\/span><\/p>\n<p>[\/et_pb_text][\/et_pb_column][\/et_pb_row][et_pb_row column_structure=\u00bb2_5,3_5&#8243; use_custom_gutter=\u00bbon\u00bb gutter_width=\u00bb2&#8243; make_equal=\u00bbon\u00bb _builder_version=\u00bb4.27.0&#8243; width_tablet=\u00bb90%\u00bb width_phone=\u00bb90%\u00bb width_last_edited=\u00bboff|desktop\u00bb max_width_tablet=\u00bb90%\u00bb max_width_phone=\u00bb90%\u00bb max_width_last_edited=\u00bboff|desktop\u00bb custom_padding=\u00bb0px||40px||false|false\u00bb animation_style=\u00bbfade\u00bb global_colors_info=\u00bb{}\u00bb][et_pb_column type=\u00bb2_5&#8243; _builder_version=\u00bb4.16&#8243; global_colors_info=\u00bb{}\u00bb][et_pb_text _builder_version=\u00bb4.27.0&#8243; text_font=\u00bbRoboto Condensed|700|||||||\u00bb text_text_color=\u00bb#ffffff\u00bb text_font_size=\u00bb12px\u00bb text_letter_spacing=\u00bb2px\u00bb text_line_height=\u00bb1em\u00bb background_color=\u00bb#000000&#8243; text_orientation=\u00bbcenter\u00bb max_width=\u00bb190px\u00bb module_alignment=\u00bbleft\u00bb custom_padding=\u00bb14px||14px||true|false\u00bb text_text_align=\u00bbcenter\u00bb global_colors_info=\u00bb{}\u00bb]<\/p>\n<p>NUESTRA MISI\u00d3N<\/p>\n<p>[\/et_pb_text][et_pb_text _builder_version=\u00bb4.27.0&#8243; header_font=\u00bbRoboto Condensed|700|||||||\u00bb header_text_align=\u00bbleft\u00bb header_text_color=\u00bb#101010&#8243; header_font_size=\u00bb27px\u00bb header_line_height=\u00bb1.3em\u00bb custom_margin_tablet=\u00bb-10px||||false|false\u00bb custom_margin_phone=\u00bb-10px||||false|false\u00bb custom_margin_last_edited=\u00bbon|desktop\u00bb header_font_size_tablet=\u00bb\u00bb header_font_size_phone=\u00bb30px\u00bb header_font_size_last_edited=\u00bbon|desktop\u00bb global_colors_info=\u00bb{}\u00bb]<\/p>\n<h1>NUESTRA MISI\u00d3N:<\/h1>\n<p>[\/et_pb_text][\/et_pb_column][et_pb_column type=\u00bb3_5&#8243; _builder_version=\u00bb4.16&#8243; global_colors_info=\u00bb{}\u00bb][et_pb_text _builder_version=\u00bb4.27.0&#8243; text_font=\u00bbRoboto|300|||||||\u00bb text_text_color=\u00bb#000000&#8243; text_font_size=\u00bb18px\u00bb text_line_height=\u00bb1.8em\u00bb link_font=\u00bb||||||||\u00bb header_font=\u00bbMuli|700|||||||\u00bb header_text_align=\u00bbcenter\u00bb header_text_color=\u00bb#297FCA\u00bb text_orientation=\u00bbcenter\u00bb max_width=\u00bb820px\u00bb module_alignment=\u00bbcenter\u00bb custom_margin=\u00bb6px|||||\u00bb border_width_left=\u00bb1px\u00bb border_color_left=\u00bb#000000&#8243; global_colors_info=\u00bb{}\u00bb]En nuestras creaciones tratamos temas que nos atraviesan desde una perspectiva feminista, migrante y decolonial.\u00a0[\/et_pb_text][\/et_pb_column][\/et_pb_row][\/et_pb_section][et_pb_section fb_built=\u00bb1&#8243; disabled_on=\u00bboff|off|off\u00bb _builder_version=\u00bb4.27.0&#8243; _module_preset=\u00bbdefault\u00bb use_background_color_gradient=\u00bbon\u00bb background_color_gradient_direction=\u00bb90deg\u00bb background_color_gradient_stops=\u00bbrgba(0,0,0,0) 33%|rgba(136,182,189,0.17) 33%\u00bb background_color_gradient_start=\u00bbrgba(0,0,0,0)\u00bb background_color_gradient_start_position=\u00bb20%\u00bb background_color_gradient_end=\u00bb#F7F2EE\u00bb background_color_gradient_end_position=\u00bb0%\u00bb z_index=\u00bb9&#8243; custom_margin=\u00bb-3px|||||\u00bb custom_padding=\u00bb71px||71px||true|false\u00bb background_last_edited=\u00bbon|phone\u00bb background_color_gradient_stops_tablet=\u00bb#f7f2ee 20%|#F7F2EE 20%\u00bb background_color_gradient_stops_phone=\u00bb#f7f2ee 20%|#F7F2EE 20%\u00bb background_color_gradient_start_tablet=\u00bb#f7f2ee\u00bb background_color_gradient_start_phone=\u00bb#f7f2ee\u00bb global_colors_info=\u00bb{}\u00bb][et_pb_row column_structure=\u00bb1_2,1_2&#8243; use_custom_gutter=\u00bbon\u00bb gutter_width=\u00bb2&#8243; make_equal=\u00bbon\u00bb _builder_version=\u00bb4.27.0&#8243; _module_preset=\u00bbdefault\u00bb width=\u00bb90%\u00bb width_tablet=\u00bb90%\u00bb width_phone=\u00bb90%\u00bb width_last_edited=\u00bbon|desktop\u00bb max_width_tablet=\u00bb90%\u00bb max_width_phone=\u00bb90%\u00bb max_width_last_edited=\u00bboff|desktop\u00bb custom_padding=\u00bb0px||0px||true|\u00bb animation_style=\u00bbfade\u00bb global_colors_info=\u00bb{}\u00bb][et_pb_column type=\u00bb1_2&#8243; _builder_version=\u00bb4.24.1&#8243; _module_preset=\u00bbdefault\u00bb background_image=\u00bbhttps:\/\/www.aquitheaterberlin.de\/wp-content\/uploads\/2024\/04\/El-amor-no-es-turismo-Claudia-Catalan.jpg\u00bb scroll_horizontal_motion=\u00bb0|50|50|100|0|0|-4&#8243; scroll_scaling_tablet=\u00bb0|50|50|100|100%|100|100&#8243; scroll_scaling_phone=\u00bb0|50|50|100|100%|100|100&#8243; scroll_scaling_last_edited=\u00bbon|phone\u00bb global_colors_info=\u00bb{}\u00bb][et_pb_divider show_divider=\u00bboff\u00bb _builder_version=\u00bb4.16&#8243; _module_preset=\u00bbdefault\u00bb custom_padding_tablet=\u00bb30%||30%||true|false\u00bb custom_padding_phone=\u00bb30%||30%||true|false\u00bb custom_padding_last_edited=\u00bbon|phone\u00bb global_colors_info=\u00bb{}\u00bb][\/et_pb_divider][\/et_pb_column][et_pb_column type=\u00bb1_2&#8243; _builder_version=\u00bb4.24.1&#8243; _module_preset=\u00bbdefault\u00bb background_color=\u00bbRGBA(255,255,255,0)\u00bb custom_padding=\u00bb90px||90px|70px|true|false\u00bb custom_padding_tablet=\u00bb0px||0px|0px|false|false\u00bb custom_padding_phone=\u00bb0px||0px|0px|false|false\u00bb custom_padding_last_edited=\u00bbon|tablet\u00bb border_radii=\u00bbon|6px|6px|6px|6px\u00bb global_colors_info=\u00bb{}\u00bb][et_pb_text _builder_version=\u00bb4.27.0&#8243; _module_preset=\u00bbdefault\u00bb text_font=\u00bbRoboto Condensed|700|||||||\u00bb text_text_color=\u00bb#000000&#8243; text_font_size=\u00bb24px\u00bb text_line_height=\u00bb1em\u00bb global_colors_info=\u00bb{}\u00bb]<\/p>\n<p>OBRAS DISPONIBLES PARA 2024<\/p>\n<p>[\/et_pb_text][et_pb_text _builder_version=\u00bb4.27.0&#8243; _module_preset=\u00bbdefault\u00bb text_font=\u00bbRoboto Condensed|700|||||||\u00bb text_text_color=\u00bb#000000&#8243; text_font_size=\u00bb24px\u00bb text_line_height=\u00bb1em\u00bb custom_margin=\u00bb40px||||false|false\u00bb global_colors_info=\u00bb{}\u00bb]<\/p>\n<p>El amor no es turismo<\/p>\n<p>[\/et_pb_text][et_pb_text _builder_version=\u00bb4.24.1&#8243; _module_preset=\u00bbdefault\u00bb text_font=\u00bbRoboto Condensed||||||||\u00bb text_text_color=\u00bb#000000&#8243; text_font_size=\u00bb18px\u00bb text_line_height=\u00bb1.8em\u00bb custom_margin=\u00bb25px||||false|false\u00bb global_colors_info=\u00bb{}\u00bb]<\/p>\n<p><span>\u00abEl amor no es turismo\u00bb narra, con humor, la lucha amorosa durante la pandemia combinando artes esc\u00e9nicas.<\/span><\/p>\n<p>[\/et_pb_text][\/et_pb_column][\/et_pb_row][\/et_pb_section][et_pb_section fb_built=\u00bb1&#8243; admin_label=\u00bbsecci\u00f3n imagen fondo\u00bb module_id=\u00bbTL-Seccion-Fondo\u00bb _builder_version=\u00bb4.24.1&#8243; _module_preset=\u00bbdefault\u00bb background_color=\u00bb#477C92&#8243; background_image=\u00bbhttps:\/\/www.aquitheaterberlin.de\/wp-content\/uploads\/2024\/04\/3.jpg\u00bb background_blend=\u00bbmultiply\u00bb positioning=\u00bbfixed\u00bb height=\u00bb100vh\u00bb custom_css_main_element=\u00bbbackground-blend-mode: multiply;||background-image: url(https:\/\/www.aquitheaterberlin.de\/wp-content\/uploads\/2024\/04\/Reverso-Angel-Esmediche.jpg);\u00bb global_colors_info=\u00bb{}\u00bb][et_pb_row _builder_version=\u00bb4.24.1&#8243; _module_preset=\u00bbdefault\u00bb global_colors_info=\u00bb{}\u00bb][et_pb_column type=\u00bb4_4&#8243; _builder_version=\u00bb4.24.1&#8243; _module_preset=\u00bbdefault\u00bb global_colors_info=\u00bb{}\u00bb][\/et_pb_column][\/et_pb_row][\/et_pb_section][et_pb_section fb_built=\u00bb1&#8243; _builder_version=\u00bb4.24.1&#8243; _module_preset=\u00bbdefault\u00bb background_color=\u00bbRGBA(255,255,255,0)\u00bb z_index=\u00bb9&#8243; global_colors_info=\u00bb{}\u00bb][et_pb_row _builder_version=\u00bb4.24.1&#8243; _module_preset=\u00bbdefault\u00bb custom_margin=\u00bb||30px||false|false\u00bb global_colors_info=\u00bb{}\u00bb][et_pb_column type=\u00bb4_4&#8243; _builder_version=\u00bb4.24.1&#8243; _module_preset=\u00bbdefault\u00bb global_colors_info=\u00bb{}\u00bb][et_pb_text _builder_version=\u00bb4.24.1&#8243; _module_preset=\u00bbdefault\u00bb text_font=\u00bbRoboto Condensed||||||||\u00bb header_font=\u00bbRoboto Condensed|700|||||||\u00bb header_text_color=\u00bb#FFFFFF\u00bb header_2_font=\u00bbRoboto Condensed||||||||\u00bb header_3_font=\u00bbRoboto Condensed||||||||\u00bb header_3_text_color=\u00bb#000000&#8243; text_orientation=\u00bbcenter\u00bb animation_style=\u00bbfade\u00bb global_colors_info=\u00bb{}\u00bb]<\/p>\n<h1>UN RECORRIDO POR NUESTRA HISTORIA<\/h1>\n<p>[\/et_pb_text][\/et_pb_column][\/et_pb_row][et_pb_row column_structure=\u00bb1_2,1_2&#8243; use_custom_gutter=\u00bbon\u00bb gutter_width=\u00bb1&#8243; make_equal=\u00bbon\u00bb custom_padding_last_edited=\u00bbon|desktop\u00bb admin_label=\u00bbFila-Iquierda-1&#8243; module_id=\u00bbTL-Fila-01&#8243; _builder_version=\u00bb4.24.1&#8243; _module_preset=\u00bbdefault\u00bb max_width=\u00bb680px\u00bb custom_padding=\u00bb0px||0px||true|false\u00bb custom_padding_tablet=\u00bb0px||0px||true|false\u00bb custom_padding_phone=\u00bb0px||0px||true|false\u00bb animation_style=\u00bbfade\u00bb custom_css_main_element=\u00bbdisplay: flex;\u00bb global_colors_info=\u00bb{}\u00bb custom_css_main_element_last_edited=\u00bbon|tablet\u00bb custom_css_main_element_tablet=\u00bbdisplay: flex;||flex-direction: row-reverse\u00bb custom_css_main_element_phone=\u00bbdisplay: flex;||flex-direction: row-reverse\u00bb custom_padding__hover_enabled=\u00bbon|desktop\u00bb custom_padding__hover=\u00bb0px||0px||true|false\u00bb][et_pb_column type=\u00bb1_2&#8243; _builder_version=\u00bb4.24.1&#8243; _module_preset=\u00bbdefault\u00bb border_width_right=\u00bb1px\u00bb border_color_right=\u00bb#FFFFFF\u00bb border_width_left=\u00bb0px\u00bb border_width_right_tablet=\u00bb0px\u00bb border_width_right_phone=\u00bb0px\u00bb border_width_right_last_edited=\u00bbon|tablet\u00bb global_colors_info=\u00bb{}\u00bb custom_css_main_element_last_edited=\u00bbon|tablet\u00bb custom_css_main_element_tablet=\u00bbwidth: 80% !important;\u00bb custom_css_main_element_phone=\u00bbwidth: 80% !important;\u00bb][et_pb_blurb title=\u00bbREVERSO\u00bb image=\u00bbhttps:\/\/www.aquitheaterberlin.de\/wp-content\/uploads\/2024\/04\/Reverso-Angel-Esmediche.jpg\u00bb _builder_version=\u00bb4.24.1&#8243; _module_preset=\u00bbdefault\u00bb header_font=\u00bbRoboto Condensed|700|||||||\u00bb header_text_align=\u00bbcenter\u00bb header_text_color=\u00bb#FFFFFF\u00bb header_font_size=\u00bb25px\u00bb body_font=\u00bbRoboto|300|||||||\u00bb body_text_color=\u00bb#FFFFFF\u00bb custom_margin=\u00bb|40px|||false|false\u00bb custom_margin_tablet=\u00bb|||30px|false|false\u00bb custom_margin_phone=\u00bb|||30px|false|false\u00bb custom_margin_last_edited=\u00bbon|desktop\u00bb animation_style=\u00bbfade\u00bb scroll_vertical_motion_enable=\u00bbon\u00bb scroll_vertical_motion=\u00bb0|50|50|100|2|0|-2&#8243; scroll_blur_enable=\u00bbon\u00bb border_radii_image=\u00bbon|10px|10px|10px|10px\u00bb global_colors_info=\u00bb{}\u00bb custom_css_main_element_last_edited=\u00bbon|phone\u00bb custom_css_main_element_tablet=\u00bbwidth: 80% !important;\u00bb custom_css_main_element_phone=\u00bbwidth: 80% !important;\u00bb]<\/p>\n<p>\u00bfFrancisca? \u00a1Me encanta ese nombre! Yo soy Julia<br \/>\u00bfT\u00fa me puedes ayudar? Necesito migrar<br \/>Disculpa, no puedo.<br \/>\u00bfQuieres dinero? En esta bolsa traigo mucho.<br \/>No<br \/>\u00bfQu\u00e9 necesitas? Te lo puedo dar<br \/>Dame el dinero<br \/>Okay, ya est\u00e1, ay\u00fadame.<br \/><strong>Direcci\u00f3n:<\/strong> \u00c1ngel Esmediche<br \/><strong>Int\u00e9rpretes:<\/strong> Marianne Zahn y Lorena Valdenegro<br \/><strong>Escenograf\u00eda y vestuario:<\/strong> Mayra G\u00f3mez<br \/><strong>A\u00f1o:<\/strong> 2016 &#8211; 2017<\/p>\n<p><span><iframe loading=\"lazy\"  id=\"_ytid_35405\"  width=\"1170\" height=\"658\"  data-origwidth=\"1170\" data-origheight=\"658\" src=\"https:\/\/www.youtube.com\/embed\/A80mI_jRbZs?enablejsapi=1&autoplay=0&cc_load_policy=0&cc_lang_pref=&iv_load_policy=1&loop=0&modestbranding=0&rel=1&fs=1&playsinline=0&autohide=2&theme=dark&color=red&controls=1&\" class=\"__youtube_prefs__  no-lazyload\" title=\"YouTube player\"  allow=\"fullscreen; accelerometer; autoplay; clipboard-write; encrypted-media; gyroscope; picture-in-picture\" allowfullscreen data-no-lazy=\"1\" data-skipgform_ajax_framebjll=\"\"><\/iframe><\/span><\/p>\n<p>&nbsp;<\/p>\n<p>[\/et_pb_blurb][\/et_pb_column][et_pb_column type=\u00bb1_2&#8243; _builder_version=\u00bb4.24.1&#8243; _module_preset=\u00bbdefault\u00bb custom_css_main_element=\u00bbdisplay: flex;||align-items: center;\u00bb border_color_right=\u00bb#FFFFFF\u00bb border_width_all_tablet=\u00bb\u00bb border_width_all_phone=\u00bb\u00bb border_width_all_last_edited=\u00bbon|tablet\u00bb border_width_right_tablet=\u00bb1px\u00bb border_width_right_phone=\u00bb1px\u00bb border_width_right_last_edited=\u00bbon|phone\u00bb global_colors_info=\u00bb{}\u00bb custom_css_main_element_last_edited=\u00bbon|tablet\u00bb custom_css_main_element_tablet=\u00bbdisplay: flex;||align-items: center;||width:20% !important;||justify-content: flex-end\u00bb custom_css_main_element_phone=\u00bbdisplay: flex;||align-items: center;||width:20% !important;||justify-content: flex-end\u00bb][et_pb_text _builder_version=\u00bb4.24.1&#8243; _module_preset=\u00bbdefault\u00bb header_3_font=\u00bbRoboto Condensed|700|||||||\u00bb header_3_text_color=\u00bb#FFFFFF\u00bb custom_margin=\u00bb|||-1.4px|false|false\u00bb custom_margin_tablet=\u00bb|-1.4px||0px|false|false\u00bb custom_margin_phone=\u00bb|-1.4px||0px|false|false\u00bb custom_margin_last_edited=\u00bbon|phone\u00bb custom_padding=\u00bb|||30px|false|false\u00bb custom_padding_tablet=\u00bb|||20px|false|false\u00bb custom_padding_phone=\u00bb|||10px|false|false\u00bb custom_padding_last_edited=\u00bbon|phone\u00bb scroll_vertical_motion_enable=\u00bbon\u00bb border_color_right=\u00bb#891F69&#8243; border_width_left=\u00bb2px\u00bb border_color_left=\u00bb#891F69&#8243; border_width_all_tablet=\u00bb\u00bb border_width_all_phone=\u00bb\u00bb border_width_all_last_edited=\u00bbon|desktop\u00bb border_width_right_tablet=\u00bb2px\u00bb border_width_right_phone=\u00bb2px\u00bb border_width_right_last_edited=\u00bbon|phone\u00bb border_width_left_tablet=\u00bb0px\u00bb border_width_left_phone=\u00bb0px\u00bb border_width_left_last_edited=\u00bbon|phone\u00bb global_colors_info=\u00bb{}\u00bb]<\/p>\n<h3>2016-2017<\/h3>\n<p>[\/et_pb_text][\/et_pb_column][\/et_pb_row][et_pb_row column_structure=\u00bb1_2,1_2&#8243; use_custom_gutter=\u00bbon\u00bb gutter_width=\u00bb1&#8243; make_equal=\u00bbon\u00bb admin_label=\u00bbFila-Derecha-2&#8243; module_id=\u00bbTL-Fila-02&#8243; _builder_version=\u00bb4.24.1&#8243; _module_preset=\u00bbdefault\u00bb max_width=\u00bb680px\u00bb custom_padding=\u00bb0px||0px||true|false\u00bb animation_style=\u00bbfade\u00bb custom_css_main_element=\u00bbdisplay: flex;\u00bb global_colors_info=\u00bb{}\u00bb][et_pb_column type=\u00bb1_2&#8243; _builder_version=\u00bb4.24.1&#8243; _module_preset=\u00bbdefault\u00bb custom_css_main_element=\u00bbdisplay: flex;||align-items: center;||justify-content: flex-end;\u00bb border_width_right=\u00bb1px\u00bb border_color_right=\u00bb#FFFFFF\u00bb global_colors_info=\u00bb{}\u00bb custom_css_main_element_last_edited=\u00bbon|tablet\u00bb custom_css_main_element_tablet=\u00bbdisplay: flex;||align-items: center;||justify-content: flex-end;||width: 20% !important;\u00bb custom_css_main_element_phone=\u00bbdisplay: flex;||align-items: center;||justify-content: flex-end;||width: 20% !important;\u00bb][et_pb_text _builder_version=\u00bb4.24.1&#8243; _module_preset=\u00bbdefault\u00bb header_3_font=\u00bbRoboto Condensed|700|||||||\u00bb header_3_text_color=\u00bb#FFFFFF\u00bb custom_margin=\u00bb|-1.4px|||false|false\u00bb custom_padding=\u00bb|30px||0px|false|false\u00bb scroll_vertical_motion_enable=\u00bbon\u00bb border_width_right=\u00bb2px\u00bb border_color_right=\u00bb#891F69&#8243; border_color_left=\u00bb#891F69&#8243; global_colors_info=\u00bb{}\u00bb]<\/p>\n<h3>2018<\/h3>\n<p>[\/et_pb_text][\/et_pb_column][et_pb_column type=\u00bb1_2&#8243; _builder_version=\u00bb4.24.1&#8243; _module_preset=\u00bbdefault\u00bb border_color_right=\u00bb#891F69&#8243; global_colors_info=\u00bb{}\u00bb custom_css_main_element_last_edited=\u00bbon|tablet\u00bb custom_css_main_element_tablet=\u00bbwidth: 80% !important; \u00bb custom_css_main_element_phone=\u00bbwidth: 80% !important; \u00ab][et_pb_blurb title=\u00bbHABLAR BAJO EL AGUA\u00bb image=\u00bbhttps:\/\/www.aquitheaterberlin.de\/wp-content\/uploads\/2024\/08\/Hablar-bajo-el-agua-Daniela-Carvajal-scaled.jpg\u00bb admin_label=\u00bbFila-Derecha-2&#8243; _builder_version=\u00bb4.24.1&#8243; _module_preset=\u00bbdefault\u00bb header_font=\u00bbRoboto Condensed|700|||||||\u00bb header_text_color=\u00bb#FFFFFF\u00bb header_font_size=\u00bb25px\u00bb body_font=\u00bbRoboto|300|||||||\u00bb body_text_color=\u00bb#FFFFFF\u00bb custom_margin=\u00bb|||40px|false|false\u00bb animation_style=\u00bbfade\u00bb scroll_vertical_motion_enable=\u00bbon\u00bb scroll_vertical_motion=\u00bb0|50|50|100|2|0|-2&#8243; scroll_blur_enable=\u00bbon\u00bb border_radii_image=\u00bbon|10px|10px|10px|10px\u00bb global_colors_info=\u00bb{}\u00bb]<\/p>\n<p>Pertenezco a ese g\u00e9nero que debe callar, que debe silenciarse, que debe aprender a contenerse y a respetar las normas. Porque cualquier decisi\u00f3n que tome puede romper este estado de silencio y sumisi\u00f3n y convertirse inmediatamente en un escenario arriesgado y doloroso.<\/p>\n<p><strong>Regie:<\/strong> Lorena Valdenegro<br \/><strong>Schauspielerinnen:<\/strong> Catalina Dinamarca, Daniela Schott, Roc\u00edo del Pino<br \/><strong>Musik Design:<\/strong> Emilio Canto<br \/><strong>B\u00fchnenbild und Kost\u00fcme:<\/strong> Mayra G\u00f3mez<br \/><strong>Jahre:<\/strong> 2018 \u2013 2019<\/p>\n<p>[\/et_pb_blurb][\/et_pb_column][\/et_pb_row][et_pb_row column_structure=\u00bb1_2,1_2&#8243; use_custom_gutter=\u00bbon\u00bb gutter_width=\u00bb1&#8243; make_equal=\u00bbon\u00bb custom_padding_last_edited=\u00bbon|desktop\u00bb admin_label=\u00bbFila-Iquierda-3&#8243; module_id=\u00bbTL-Fila-03&#8243; _builder_version=\u00bb4.24.1&#8243; _module_preset=\u00bbdefault\u00bb max_width=\u00bb680px\u00bb custom_padding=\u00bb0px||0px||true|false\u00bb custom_padding_tablet=\u00bb0px||0px||true|false\u00bb custom_padding_phone=\u00bb0px||0px||true|false\u00bb animation_style=\u00bbfade\u00bb custom_css_main_element=\u00bbdisplay: flex;\u00bb global_colors_info=\u00bb{}\u00bb custom_css_main_element_last_edited=\u00bbon|tablet\u00bb custom_css_main_element_tablet=\u00bbdisplay: flex;||flex-direction: row-reverse\u00bb custom_css_main_element_phone=\u00bbdisplay: flex;||flex-direction: row-reverse\u00bb custom_padding__hover_enabled=\u00bbon|desktop\u00bb custom_padding__hover=\u00bb0px||0px||true|false\u00bb][et_pb_column type=\u00bb1_2&#8243; _builder_version=\u00bb4.24.1&#8243; _module_preset=\u00bbdefault\u00bb border_width_right=\u00bb1px\u00bb border_color_right=\u00bb#FFFFFF\u00bb border_width_left=\u00bb0px\u00bb border_width_right_tablet=\u00bb0px\u00bb border_width_right_phone=\u00bb0px\u00bb border_width_right_last_edited=\u00bbon|tablet\u00bb global_colors_info=\u00bb{}\u00bb custom_css_main_element_last_edited=\u00bbon|tablet\u00bb custom_css_main_element_tablet=\u00bbwidth: 80% !important;\u00bb custom_css_main_element_phone=\u00bbwidth: 80% !important;\u00bb][et_pb_blurb title=\u00bbAGNICION\u00bb image=\u00bbhttps:\/\/www.aquitheaterberlin.de\/wp-content\/uploads\/2024\/04\/Agnicion-Erika-Stehli.jpg\u00bb _builder_version=\u00bb4.24.1&#8243; _module_preset=\u00bbdefault\u00bb header_font=\u00bbRoboto Condensed|700|||||||\u00bb header_text_align=\u00bbcenter\u00bb header_text_color=\u00bb#FFFFFF\u00bb header_font_size=\u00bb25px\u00bb body_font=\u00bbRoboto|300|||||||\u00bb body_text_color=\u00bb#FFFFFF\u00bb custom_margin=\u00bb|40px|||false|false\u00bb custom_margin_tablet=\u00bb|||30px|false|false\u00bb custom_margin_phone=\u00bb|||30px|false|false\u00bb custom_margin_last_edited=\u00bbon|desktop\u00bb animation_style=\u00bbfade\u00bb scroll_vertical_motion_enable=\u00bbon\u00bb scroll_vertical_motion=\u00bb0|50|50|100|2|0|-2&#8243; scroll_blur_enable=\u00bbon\u00bb border_radii_image=\u00bbon|10px|10px|10px|10px\u00bb global_colors_info=\u00bb{}\u00bb custom_css_main_element_last_edited=\u00bbon|phone\u00bb custom_css_main_element_tablet=\u00bbwidth: 80% !important;\u00bb custom_css_main_element_phone=\u00bbwidth: 80% !important;\u00bb]<\/p>\n<p>Querido coraz\u00f3n,<br \/>Hoy amaneciste diferente. Nos tragamos las espinas y nos movemos con ligereza. A la defensiva.<br \/>Est\u00e1s callado, no me quieres hablar. Se siente en lo profundo.<br \/>\u00bfMe escuchas? \u00bfD\u00f3nde est\u00e1s? \u00bfMe sientes?<br \/>Camino. Se oscurece. \u00bfEstar\u00e1 lloviendo?\u00a0\u00a0Te abrazo, es como si estuvieras aqu\u00ed. Me voy. 1, 2, 3.<\/p>\n<p><strong>Direcci\u00f3n:<\/strong> Valentina Kappes e Ignacio D\u00edaz<br \/><strong>Int\u00e9rprete y concepto:<\/strong> Lorena Valdenegro<br \/><strong>Dise\u00f1o musical:<\/strong> Carlos Zu\u00f1iga, Pueblo Obsoleto<br \/><strong>Audiovisual y comunicaci\u00f3n:<\/strong> Diego Alvarez y Sebasti\u00e1n Gatica<\/p>\n<p>[\/et_pb_blurb][\/et_pb_column][et_pb_column type=\u00bb1_2&#8243; _builder_version=\u00bb4.24.1&#8243; _module_preset=\u00bbdefault\u00bb custom_css_main_element=\u00bbdisplay: flex;||align-items: center;\u00bb border_color_right=\u00bb#FFFFFF\u00bb border_width_all_tablet=\u00bb\u00bb border_width_all_phone=\u00bb\u00bb border_width_all_last_edited=\u00bbon|tablet\u00bb border_width_right_tablet=\u00bb1px\u00bb border_width_right_phone=\u00bb1px\u00bb border_width_right_last_edited=\u00bbon|phone\u00bb global_colors_info=\u00bb{}\u00bb custom_css_main_element_last_edited=\u00bbon|tablet\u00bb custom_css_main_element_tablet=\u00bbdisplay: flex;||align-items: center;||width:20% !important;||justify-content: flex-end\u00bb custom_css_main_element_phone=\u00bbdisplay: flex;||align-items: center;||width:20% !important;||justify-content: flex-end\u00bb][et_pb_text _builder_version=\u00bb4.24.1&#8243; _module_preset=\u00bbdefault\u00bb header_3_font=\u00bbRoboto Condensed|700|||||||\u00bb header_3_text_color=\u00bb#FFFFFF\u00bb custom_margin=\u00bb|||-1.4px|false|false\u00bb custom_margin_tablet=\u00bb|-1.4px||0px|false|false\u00bb custom_margin_phone=\u00bb|-1.4px||0px|false|false\u00bb custom_margin_last_edited=\u00bbon|phone\u00bb custom_padding=\u00bb|||30px|false|false\u00bb custom_padding_tablet=\u00bb|||20px|false|false\u00bb custom_padding_phone=\u00bb|||10px|false|false\u00bb custom_padding_last_edited=\u00bbon|phone\u00bb scroll_vertical_motion_enable=\u00bbon\u00bb border_color_right=\u00bb#891F69&#8243; border_width_left=\u00bb2px\u00bb border_color_left=\u00bb#891F69&#8243; border_width_all_tablet=\u00bb\u00bb border_width_all_phone=\u00bb\u00bb border_width_all_last_edited=\u00bbon|desktop\u00bb border_width_right_tablet=\u00bb2px\u00bb border_width_right_phone=\u00bb2px\u00bb border_width_right_last_edited=\u00bbon|phone\u00bb border_width_left_tablet=\u00bb0px\u00bb border_width_left_phone=\u00bb0px\u00bb border_width_left_last_edited=\u00bbon|phone\u00bb global_colors_info=\u00bb{}\u00bb]<\/p>\n<h3>2021-2022<\/h3>\n<p>[\/et_pb_text][\/et_pb_column][\/et_pb_row][et_pb_row column_structure=\u00bb1_2,1_2&#8243; use_custom_gutter=\u00bbon\u00bb gutter_width=\u00bb1&#8243; make_equal=\u00bbon\u00bb admin_label=\u00bbFila-Derecha-4&#8243; module_id=\u00bbTL-Fila-04&#8243; _builder_version=\u00bb4.24.1&#8243; _module_preset=\u00bbdefault\u00bb max_width=\u00bb680px\u00bb custom_padding=\u00bb0px||0px||true|false\u00bb animation_style=\u00bbfade\u00bb custom_css_main_element=\u00bbdisplay: flex;\u00bb border_width_all_tablet=\u00bb\u00bb border_width_all_phone=\u00bb\u00bb border_width_all_last_edited=\u00bbon|desktop\u00bb global_colors_info=\u00bb{}\u00bb][et_pb_column type=\u00bb1_2&#8243; _builder_version=\u00bb4.24.1&#8243; _module_preset=\u00bbdefault\u00bb custom_css_main_element=\u00bbdisplay: flex;||align-items: center;||justify-content: flex-end;\u00bb border_width_right=\u00bb1px\u00bb border_color_right=\u00bb#FFFFFF\u00bb border_width_right_tablet=\u00bb1px\u00bb border_width_right_phone=\u00bb1px\u00bb border_width_right_last_edited=\u00bbon|tablet\u00bb global_colors_info=\u00bb{}\u00bb custom_css_main_element_last_edited=\u00bbon|tablet\u00bb custom_css_main_element_tablet=\u00bbdisplay: flex;||align-items: center;||justify-content: flex-end;||width: 20% !important;\u00bb custom_css_main_element_phone=\u00bbdisplay: flex;||align-items: center;||justify-content: flex-end;||width: 20% !important;\u00bb][et_pb_text _builder_version=\u00bb4.24.1&#8243; _module_preset=\u00bbdefault\u00bb header_3_font=\u00bbRoboto Condensed|700|||||||\u00bb header_3_text_color=\u00bb#FFFFFF\u00bb custom_margin=\u00bb|-1.4px|||false|false\u00bb custom_padding=\u00bb|30px||0px|false|false\u00bb scroll_vertical_motion_enable=\u00bbon\u00bb border_width_right=\u00bb2px\u00bb border_color_right=\u00bb#891F69&#8243; border_color_left=\u00bb#891F69&#8243; global_colors_info=\u00bb{}\u00bb]<\/p>\n<h3>2021-2023<\/h3>\n<p>[\/et_pb_text][\/et_pb_column][et_pb_column type=\u00bb1_2&#8243; _builder_version=\u00bb4.24.1&#8243; _module_preset=\u00bbdefault\u00bb border_color_right=\u00bb#891F69&#8243; border_width_right_tablet=\u00bb\u00bb border_width_right_phone=\u00bb\u00bb border_width_right_last_edited=\u00bbon|desktop\u00bb border_color_right_tablet=\u00bb#891F69&#8243; border_color_right_phone=\u00bb#891F69&#8243; border_color_right_last_edited=\u00bbon|desktop\u00bb global_colors_info=\u00bb{}\u00bb custom_css_main_element_last_edited=\u00bbon|tablet\u00bb custom_css_main_element_tablet=\u00bbwidth: 80% !important; \u00bb custom_css_main_element_phone=\u00bbwidth: 80% !important; \u00ab][et_pb_blurb title=\u00bbMARTA\u00bb image=\u00bbhttps:\/\/www.aquitheaterberlin.de\/wp-content\/uploads\/2024\/08\/Marta-LuciaJost-scaled.jpg\u00bb admin_label=\u00bbFila-Derecha-2&#8243; _builder_version=\u00bb4.24.1&#8243; _module_preset=\u00bbdefault\u00bb header_font=\u00bbRoboto Condensed|700|||||||\u00bb header_text_color=\u00bb#FFFFFF\u00bb header_font_size=\u00bb25px\u00bb body_font=\u00bbRoboto|300|||||||\u00bb body_text_color=\u00bb#FFFFFF\u00bb custom_margin=\u00bb|||40px|false|false\u00bb animation_style=\u00bbfade\u00bb scroll_vertical_motion_enable=\u00bbon\u00bb scroll_vertical_motion=\u00bb0|50|50|100|2|0|-2&#8243; scroll_blur_enable=\u00bbon\u00bb border_radii_image=\u00bbon|10px|10px|10px|10px\u00bb global_colors_info=\u00bb{}\u00bb]<\/p>\n<p>\u201cEstamos hartas de que nuestros cuerpos s\u00f3lo sean lindos mientras sirvan.<br \/>Nos oponemos rotundamente a seguir sumisas.<br \/>No se trata de ser violentas, ni mucho menos de odiar a los hombres, se trata de romper el silencio.\u201d<\/p>\n<p><strong>Direcci\u00f3n:<\/strong> Lorena Valdenegro<br \/><strong>Coreograf\u00eda:<\/strong> Catalina Tello Aranguiz<br \/><strong>Escenograf\u00eda:<\/strong> Maira G\u00f3mez<br \/><strong>Dise\u00f1o musical:<\/strong> Sof\u00eda Puertas<br \/><strong>Int\u00e9rpretes:<\/strong> Alicia Moran, Sof\u00eda Puertas, Mariby Romero, Sandra Feferbaum Siemsen<\/p>\n<iframe loading=\"lazy\"  id=\"_ytid_69432\"  width=\"1170\" height=\"658\"  data-origwidth=\"1170\" data-origheight=\"658\" src=\"https:\/\/www.youtube.com\/embed\/LgMzPK0pQ44?enablejsapi=1&autoplay=0&cc_load_policy=0&cc_lang_pref=&iv_load_policy=1&loop=0&modestbranding=0&rel=1&fs=1&playsinline=0&autohide=2&theme=dark&color=red&controls=1&\" class=\"__youtube_prefs__  no-lazyload\" title=\"YouTube player\"  allow=\"fullscreen; accelerometer; autoplay; clipboard-write; encrypted-media; gyroscope; picture-in-picture\" allowfullscreen data-no-lazy=\"1\" data-skipgform_ajax_framebjll=\"\"><\/iframe>\n<p>[\/et_pb_blurb][\/et_pb_column][\/et_pb_row][et_pb_row column_structure=\u00bb1_2,1_2&#8243; use_custom_gutter=\u00bbon\u00bb gutter_width=\u00bb1&#8243; make_equal=\u00bbon\u00bb custom_padding_last_edited=\u00bbon|desktop\u00bb admin_label=\u00bbFila-Iquierda-5&#8243; module_id=\u00bbTL-Fila-05&#8243; _builder_version=\u00bb4.24.1&#8243; _module_preset=\u00bbdefault\u00bb max_width=\u00bb680px\u00bb custom_padding=\u00bb0px||0px||true|false\u00bb custom_padding_tablet=\u00bb0px||0px||true|false\u00bb custom_padding_phone=\u00bb0px||0px||true|false\u00bb animation_style=\u00bbfade\u00bb custom_css_main_element=\u00bbdisplay: flex;\u00bb global_colors_info=\u00bb{}\u00bb custom_css_main_element_last_edited=\u00bbon|tablet\u00bb custom_css_main_element_tablet=\u00bbdisplay: flex;||flex-direction: row-reverse\u00bb custom_css_main_element_phone=\u00bbdisplay: flex;||flex-direction: row-reverse\u00bb custom_padding__hover_enabled=\u00bbon|desktop\u00bb custom_padding__hover=\u00bb0px||0px||true|false\u00bb][et_pb_column type=\u00bb1_2&#8243; _builder_version=\u00bb4.24.1&#8243; _module_preset=\u00bbdefault\u00bb border_width_right=\u00bb1px\u00bb border_color_right=\u00bb#FFFFFF\u00bb border_width_left=\u00bb0px\u00bb border_width_right_tablet=\u00bb0px\u00bb border_width_right_phone=\u00bb0px\u00bb border_width_right_last_edited=\u00bbon|phone\u00bb global_colors_info=\u00bb{}\u00bb custom_css_main_element_last_edited=\u00bbon|tablet\u00bb custom_css_main_element_tablet=\u00bbwidth: 80% !important;\u00bb custom_css_main_element_phone=\u00bbwidth: 80% !important;\u00bb][et_pb_blurb title=\u00bbEL AMOR NO ES TURISMO\u00bb image=\u00bbhttps:\/\/www.aquitheaterberlin.de\/wp-content\/uploads\/2024\/04\/El-amor-no-es-turismo-Claudia-Catalan.jpg\u00bb _builder_version=\u00bb4.24.1&#8243; _module_preset=\u00bbdefault\u00bb header_font=\u00bbRoboto Condensed|700|||||||\u00bb header_text_align=\u00bbcenter\u00bb header_text_color=\u00bb#FFFFFF\u00bb header_font_size=\u00bb25px\u00bb body_font=\u00bbRoboto|300|||||||\u00bb body_text_color=\u00bb#FFFFFF\u00bb custom_margin=\u00bb|40px|||false|false\u00bb custom_margin_tablet=\u00bb|||30px|false|false\u00bb custom_margin_phone=\u00bb|||30px|false|false\u00bb custom_margin_last_edited=\u00bbon|desktop\u00bb animation_style=\u00bbfade\u00bb scroll_vertical_motion_enable=\u00bbon\u00bb scroll_vertical_motion=\u00bb0|50|50|100|2|0|-2&#8243; scroll_blur_enable=\u00bbon\u00bb border_radii_image=\u00bbon|10px|10px|10px|10px\u00bb global_colors_info=\u00bb{}\u00bb custom_css_main_element_last_edited=\u00bbon|phone\u00bb custom_css_main_element_tablet=\u00bbwidth: 80% !important;\u00bb custom_css_main_element_phone=\u00bbwidth: 80% !important;\u00bb]<\/p>\n<p>\u00abNo voy a poder viajar,<br \/>\u00bfQu\u00e9?<br \/>Me dijeron que no puedo salir de mi pa\u00eds. Han cancelado todos los vuelos.<br \/>Eso es imposible, tienen que dejarte salir. Tienes una visa.<br \/>Lo s\u00e9, pero ahora s\u00f3lo se viaja en situaci\u00f3n de extrema emergencia.<br \/>Amor, \u00a1pero esto es una situaci\u00f3n de extrema emergencia!<\/p>\n<p><strong>Concepto e int\u00e9rprete:<\/strong> Lorena Valdenegro<br \/><strong>Asistencia de direcci\u00f3n y coreograf\u00eda:<\/strong>\u00a0Catalina Tello<br \/><strong>Dise\u00f1o musical y en vivo: <\/strong>Sof\u00eda Puertas<br \/><strong>Dise\u00f1o de vestuario:<\/strong>\u00a0Gisela De Rojas<br \/><strong>Escenograf\u00eda: <\/strong>AQUItheater Berlin<br \/><strong>Dise\u00f1o de flyer:<\/strong> Sandra Feferbaum<\/p>\n<p><span><iframe loading=\"lazy\"  id=\"_ytid_21000\"  width=\"1170\" height=\"658\"  data-origwidth=\"1170\" data-origheight=\"658\" src=\"https:\/\/www.youtube.com\/embed\/h8epBXdbbeU?enablejsapi=1&autoplay=0&cc_load_policy=0&cc_lang_pref=&iv_load_policy=1&loop=0&modestbranding=0&rel=1&fs=1&playsinline=0&autohide=2&theme=dark&color=red&controls=1&\" class=\"__youtube_prefs__  no-lazyload\" title=\"YouTube player\"  allow=\"fullscreen; accelerometer; autoplay; clipboard-write; encrypted-media; gyroscope; picture-in-picture\" allowfullscreen data-no-lazy=\"1\" data-skipgform_ajax_framebjll=\"\"><\/iframe><\/span><\/p>\n<p>[\/et_pb_blurb][\/et_pb_column][et_pb_column type=\u00bb1_2&#8243; _builder_version=\u00bb4.24.1&#8243; _module_preset=\u00bbdefault\u00bb custom_css_main_element=\u00bbdisplay: flex;||align-items: center;\u00bb border_color_right=\u00bb#FFFFFF\u00bb border_width_all_tablet=\u00bb\u00bb border_width_all_phone=\u00bb\u00bb border_width_all_last_edited=\u00bbon|tablet\u00bb border_width_right_tablet=\u00bb1px\u00bb border_width_right_phone=\u00bb1px\u00bb border_width_right_last_edited=\u00bbon|tablet\u00bb global_colors_info=\u00bb{}\u00bb custom_css_main_element_last_edited=\u00bbon|tablet\u00bb custom_css_main_element_tablet=\u00bbdisplay: flex;||align-items: center;||width:20% !important;||justify-content: flex-end\u00bb custom_css_main_element_phone=\u00bbdisplay: flex;||align-items: center;||width:20% !important;||justify-content: flex-end\u00bb][et_pb_text _builder_version=\u00bb4.24.1&#8243; _module_preset=\u00bbdefault\u00bb header_3_font=\u00bbRoboto Condensed|700|||||||\u00bb header_3_text_color=\u00bb#FFFFFF\u00bb custom_margin=\u00bb|||-1.4px|false|false\u00bb custom_margin_tablet=\u00bb|-1.4px||0px|false|false\u00bb custom_margin_phone=\u00bb|-1.4px||0px|false|false\u00bb custom_margin_last_edited=\u00bbon|phone\u00bb custom_padding=\u00bb|||30px|false|false\u00bb custom_padding_tablet=\u00bb|||20px|false|false\u00bb custom_padding_phone=\u00bb|||10px|false|false\u00bb custom_padding_last_edited=\u00bbon|phone\u00bb scroll_vertical_motion_enable=\u00bbon\u00bb border_color_right=\u00bb#891F69&#8243; border_width_left=\u00bb2px\u00bb border_color_left=\u00bb#891F69&#8243; border_width_all_tablet=\u00bb\u00bb border_width_all_phone=\u00bb\u00bb border_width_all_last_edited=\u00bbon|desktop\u00bb border_width_right_tablet=\u00bb2px\u00bb border_width_right_phone=\u00bb2px\u00bb border_width_right_last_edited=\u00bbon|phone\u00bb border_width_left_tablet=\u00bb0px\u00bb border_width_left_phone=\u00bb0px\u00bb border_width_left_last_edited=\u00bbon|phone\u00bb global_colors_info=\u00bb{}\u00bb]<\/p>\n<h3>2023-2024<\/h3>\n<p>[\/et_pb_text][\/et_pb_column][\/et_pb_row][\/et_pb_section][et_pb_section fb_built=\u00bb1&#8243; disabled_on=\u00bbon|on|on\u00bb admin_label=\u00bbCode de funcionalidad TL\u00bb _builder_version=\u00bb4.24.1&#8243; _module_preset=\u00bbdefault\u00bb disabled=\u00bbon\u00bb global_colors_info=\u00bb{}\u00bb][et_pb_row _builder_version=\u00bb4.24.1&#8243; _module_preset=\u00bbdefault\u00bb global_colors_info=\u00bb{}\u00bb][et_pb_column type=\u00bb4_4&#8243; _builder_version=\u00bb4.24.1&#8243; _module_preset=\u00bbdefault\u00bb global_colors_info=\u00bb{}\u00bb][et_pb_code _builder_version=\u00bb4.24.1&#8243; _module_preset=\u00bbdefault\u00bb global_colors_info=\u00bb{}\u00bb]<script><!-- [et_pb_line_break_holder] -->(function($){<!-- [et_pb_line_break_holder] -->$(window).on(\"scroll touchmove\", function() {<!-- [et_pb_line_break_holder] -->  <!-- [et_pb_line_break_holder] -->if ($(document).scrollTop() >= $(\"#TL-Fila-01\").position().top-100) {<!-- [et_pb_line_break_holder] -->   $('#TL-Seccion-Fondo').css( \"background-image\", \"url(https:\/\/www.aquitheaterberlin.de\/wp-content\/uploads\/2024\/04\/Reverso-Angel-Esmediche.jpg)\" );<!-- [et_pb_line_break_holder] -->}<!-- [et_pb_line_break_holder] -->  <!-- [et_pb_line_break_holder] -->if ($(document).scrollTop() >= $(\"#TL-Fila-02\").position().top-100) {<!-- [et_pb_line_break_holder] -->   $('#TL-Seccion-Fondo').css( \"background-image\", \"url(https:\/\/www.aquitheaterberlin.de\/wp-content\/uploads\/2024\/04\/Hablar-bajo-el-agua-Daniela-Carvajal.jpg)\" );<!-- [et_pb_line_break_holder] -->}<!-- [et_pb_line_break_holder] --><!-- [et_pb_line_break_holder] -->if ($(document).scrollTop() >= $(\"#TL-Fila-03\").position().top-100) {<!-- [et_pb_line_break_holder] -->   $('#TL-Seccion-Fondo').css( \"background-image\", \"url(https:\/\/www.aquitheaterberlin.de\/wp-content\/uploads\/2024\/04\/Agnicion-Erika-Stehli.jpg)\" );<!-- [et_pb_line_break_holder] -->}<!-- [et_pb_line_break_holder] -->  <!-- [et_pb_line_break_holder] -->if ($(document).scrollTop() >= $(\"#TL-Fila-04\").position().top-100) {<!-- [et_pb_line_break_holder] -->   $('#TL-Seccion-Fondo').css( \"background-image\", \"url(https:\/\/www.aquitheaterberlin.de\/wp-content\/uploads\/2024\/08\/Marta-LuciaJost-scaled.jpg)\" );<!-- [et_pb_line_break_holder] -->}<!-- [et_pb_line_break_holder] -->  <!-- [et_pb_line_break_holder] -->if ($(document).scrollTop() >= $(\"#TL-Fila-05\").position().top-100) {<!-- [et_pb_line_break_holder] -->   $('#TL-Seccion-Fondo').css( \"background-image\", \"url(https:\/\/www.aquitheaterberlin.de\/wp-content\/uploads\/2024\/04\/El-amor-no-es-turismo-Claudia-Catalan.jpg)\" );<!-- [et_pb_line_break_holder] -->}<!-- [et_pb_line_break_holder] -->  <!-- [et_pb_line_break_holder] -->});<!-- [et_pb_line_break_holder] -->})(jQuery)<!-- [et_pb_line_break_holder] --><\/script>[\/et_pb_code][\/et_pb_column][\/et_pb_row][\/et_pb_section]<\/p>\n","protected":false},"excerpt":{"rendered":"<p>Lorem Ipsum DolorEn AQUI, nuestra misi\u00f3n primordial es abordar temas tab\u00fa en nuestra sociedad, utilizando el arte como una poderosa herramienta transformadora. \u00a0Junto a nosotras podr\u00e1s encontrar:EN ESCENANuestras creaciones se desarrollan con artistas profesionales multidisciplinarixs con experiencias internacionales. La investigaci\u00f3n comienza desde el cuerpo, ya sea desde la danza, el teatro f\u00edsico o la danza [&hellip;]<\/p>\n","protected":false},"author":1,"featured_media":0,"parent":0,"menu_order":0,"comment_status":"closed","ping_status":"closed","template":"","meta":{"_et_pb_use_builder":"on","_et_pb_old_content":"","_et_gb_content_width":"","footnotes":""},"class_list":["post-254","page","type-page","status-publish","hentry"],"_links":{"self":[{"href":"https:\/\/www.aquitheaterberlin.de\/de\/wp-json\/wp\/v2\/pages\/254","targetHints":{"allow":["GET"]}}],"collection":[{"href":"https:\/\/www.aquitheaterberlin.de\/de\/wp-json\/wp\/v2\/pages"}],"about":[{"href":"https:\/\/www.aquitheaterberlin.de\/de\/wp-json\/wp\/v2\/types\/page"}],"author":[{"embeddable":true,"href":"https:\/\/www.aquitheaterberlin.de\/de\/wp-json\/wp\/v2\/users\/1"}],"replies":[{"embeddable":true,"href":"https:\/\/www.aquitheaterberlin.de\/de\/wp-json\/wp\/v2\/comments?post=254"}],"version-history":[{"count":57,"href":"https:\/\/www.aquitheaterberlin.de\/de\/wp-json\/wp\/v2\/pages\/254\/revisions"}],"predecessor-version":[{"id":88775,"href":"https:\/\/www.aquitheaterberlin.de\/de\/wp-json\/wp\/v2\/pages\/254\/revisions\/88775"}],"wp:attachment":[{"href":"https:\/\/www.aquitheaterberlin.de\/de\/wp-json\/wp\/v2\/media?parent=254"}],"curies":[{"name":"wp","href":"https:\/\/api.w.org\/{rel}","templated":true}]}}