{"id":308,"date":"2024-04-16T09:03:59","date_gmt":"2024-04-16T07:03:59","guid":{"rendered":"https:\/\/www.aquitheaterberlin.de\/?page_id=308"},"modified":"2024-09-03T09:19:53","modified_gmt":"2024-09-03T07:19:53","slug":"kids","status":"publish","type":"page","link":"https:\/\/www.aquitheaterberlin.de\/de\/kids\/","title":{"rendered":"Kids"},"content":{"rendered":"<p>[et_pb_section fb_built=\u00bb1&#8243; _builder_version=\u00bb4.24.1&#8243; background_color=\u00bb#383838&#8243; background_image=\u00bbhttps:\/\/www.aquitheaterberlin.de\/wp-content\/uploads\/2024\/08\/que-te-mueve-Claudia-Catalan-scaled.jpg\u00bb parallax=\u00bbon\u00bb z_index=\u00bb9&#8243; custom_padding=\u00bb252px||252px||true|false\u00bb bottom_divider_height=\u00bb66px\u00bb global_colors_info=\u00bb{}\u00bb][et_pb_row disabled_on=\u00bbon|on|on\u00bb _builder_version=\u00bb4.16&#8243; disabled=\u00bbon\u00bb global_colors_info=\u00bb{}\u00bb][et_pb_column type=\u00bb4_4&#8243; _builder_version=\u00bb4.16&#8243; custom_padding=\u00bb|||\u00bb global_colors_info=\u00bb{}\u00bb custom_padding__hover=\u00bb|||\u00bb][et_pb_text _builder_version=\u00bb4.16&#8243; text_font=\u00bbNunito||||||||\u00bb text_font_size=\u00bb15px\u00bb header_font=\u00bbPoppins|600||on|||||\u00bb header_text_align=\u00bbleft\u00bb header_text_color=\u00bb#ffffff\u00bb header_font_size=\u00bb14px\u00bb header_letter_spacing=\u00bb2px\u00bb header_line_height=\u00bb1.3em\u00bb header_font_size_tablet=\u00bb\u00bb header_font_size_phone=\u00bb14px\u00bb header_font_size_last_edited=\u00bbon|phone\u00bb global_colors_info=\u00bb{}\u00bb]<\/p>\n<h1>Lorem Ipsum Dolor<\/h1>\n<p>[\/et_pb_text][et_pb_text disabled_on=\u00bbon|on|on\u00bb _builder_version=\u00bb4.24.1&#8243; text_font=\u00bbRoboto Condensed|300|||||||\u00bb text_text_color=\u00bb#FFFFFF\u00bb text_font_size=\u00bb18px\u00bb text_line_height=\u00bb1.8em\u00bb max_width=\u00bb627px\u00bb custom_margin=\u00bb-10px||||false|false\u00bb custom_margin_tablet=\u00bb-20px||||false|false\u00bb custom_margin_phone=\u00bb-20px||||false|false\u00bb custom_margin_last_edited=\u00bbon|phone\u00bb disabled=\u00bbon\u00bb global_colors_info=\u00bb{}\u00bb]<\/p>\n<p><span>En AQUI, nuestra misi\u00f3n primordial es abordar temas tab\u00fa en nuestra sociedad, utilizando el arte como una poderosa herramienta transformadora. \u00a0Junto a nosotras podr\u00e1s encontrar:<\/span><\/p>\n<p>[\/et_pb_text][et_pb_button button_text=\u00bbVIEW MORE\u00bb button_alignment=\u00bbleft\u00bb _builder_version=\u00bb4.16&#8243; custom_button=\u00bbon\u00bb button_text_size=\u00bb14px\u00bb button_text_color=\u00bb#000000&#8243; button_bg_color=\u00bb#ffffff\u00bb button_border_width=\u00bb1px\u00bb button_border_color=\u00bb#ffffff\u00bb button_border_radius=\u00bb0px\u00bb button_letter_spacing=\u00bb1px\u00bb button_font=\u00bbPoppins|||on|||||\u00bb button_use_icon=\u00bboff\u00bb custom_margin=\u00bb||\u00bb custom_padding=\u00bb17px|30px|17px|30px|true|true\u00bb global_colors_info=\u00bb{}\u00bb button_bg_color__hover_enabled=\u00bbon\u00bb button_bg_color__hover=\u00bb#bfbfbf\u00bb button_letter_spacing__hover_enabled=\u00bbon\u00bb button_letter_spacing__hover=\u00bb2px\u00bb button_border_color__hover_enabled=\u00bbon\u00bb button_border_color__hover=\u00bb#bfbfbf\u00bb button_text_color__hover_enabled=\u00bbon\u00bb button_text_color__hover=\u00bb#474747&#8243;][\/et_pb_button][\/et_pb_column][\/et_pb_row][\/et_pb_section][et_pb_section fb_built=\u00bb1&#8243; custom_padding_last_edited=\u00bbon|desktop\u00bb _builder_version=\u00bb4.27.0&#8243; z_index=\u00bb9&#8243; custom_padding=\u00bb29px|0px|29px|0px|true|false\u00bb custom_padding_tablet=\u00bb\u00bb custom_padding_phone=\u00bb90px||150px||false\u00bb global_colors_info=\u00bb{}\u00bb][et_pb_row use_custom_gutter=\u00bbon\u00bb gutter_width=\u00bb2&#8243; make_equal=\u00bbon\u00bb _builder_version=\u00bb4.16&#8243; width_tablet=\u00bb90%\u00bb width_phone=\u00bb90%\u00bb width_last_edited=\u00bboff|phone\u00bb max_width_tablet=\u00bb90%\u00bb max_width_phone=\u00bb90%\u00bb max_width_last_edited=\u00bboff|tablet\u00bb custom_margin=\u00bb|auto|0px|auto||\u00bb animation_direction=\u00bbbottom\u00bb global_colors_info=\u00bb{}\u00bb][et_pb_column type=\u00bb4_4&#8243; _builder_version=\u00bb4.16&#8243; custom_padding=\u00bb|||\u00bb global_colors_info=\u00bb{}\u00bb custom_padding__hover=\u00bb|||\u00bb][et_pb_text _builder_version=\u00bb4.24.1&#8243; text_font=\u00bbMuli||||||||\u00bb text_text_color=\u00bb#5499D4&#8243; text_font_size=\u00bb16px\u00bb header_font=\u00bbRoboto Condensed|700|||||||\u00bb header_text_align=\u00bbcenter\u00bb header_text_color=\u00bb#000000&#8243; header_line_height=\u00bb1.3em\u00bb text_orientation=\u00bbcenter\u00bb max_width=\u00bb900px\u00bb module_alignment=\u00bbcenter\u00bb header_font_size_tablet=\u00bb\u00bb header_font_size_phone=\u00bb25px\u00bb header_font_size_last_edited=\u00bbon|desktop\u00bb header_line_height_tablet=\u00bb\u00bb header_line_height_phone=\u00bb1.2em\u00bb header_line_height_last_edited=\u00bbon|desktop\u00bb global_colors_info=\u00bb{}\u00bb]<\/p>\n<h1><b>AQUITHEATER KIDS<\/b><\/h1>\n<p>[\/et_pb_text][et_pb_text _builder_version=\u00bb4.27.0&#8243; text_font=\u00bbRoboto|300|||||||\u00bb text_text_color=\u00bb#000000&#8243; text_font_size=\u00bb18px\u00bb text_line_height=\u00bb1.8em\u00bb link_font=\u00bb||||||||\u00bb header_font=\u00bbMuli|700|||||||\u00bb header_text_align=\u00bbcenter\u00bb header_text_color=\u00bb#297FCA\u00bb text_orientation=\u00bbcenter\u00bb max_width=\u00bb820px\u00bb module_alignment=\u00bbcenter\u00bb custom_margin=\u00bb-14px||\u00bb global_colors_info=\u00bb{}\u00bb]<\/p>\n<p><span style=\"font-weight: 400;\">AquitheaterKids se interesa por crear obras interactivas para ni\u00f1os\/as con tem\u00e1ticas relacionadas a la igualdad de g\u00e9nero y el cuidado del planeta. A trav\u00e9s de las obras, ni\u00f1os y ni\u00f1as son invitados\/as a interactuar con los personajes, a bailar, cantar y sobre todo a opinar.\u00a0<\/span><\/p>\n<p>[\/et_pb_text][\/et_pb_column][\/et_pb_row][\/et_pb_section][et_pb_section fb_built=\u00bb1&#8243; _builder_version=\u00bb4.27.0&#8243; _module_preset=\u00bbdefault\u00bb background_color=\u00bb#FFFFFF\u00bb z_index=\u00bb9&#8243; custom_margin=\u00bb-6px||||false|false\u00bb custom_padding=\u00bb8px||8px||true|false\u00bb animation_style=\u00bbfade\u00bb global_colors_info=\u00bb{}\u00bb][et_pb_row column_structure=\u00bb1_2,1_2&#8243; use_custom_gutter=\u00bbon\u00bb gutter_width=\u00bb2&#8243; make_equal=\u00bbon\u00bb _builder_version=\u00bb4.20.2&#8243; _module_preset=\u00bbdefault\u00bb width=\u00bb90%\u00bb max_width=\u00bb1100px\u00bb max_width_tablet=\u00bb345px\u00bb max_width_phone=\u00bb345px\u00bb max_width_last_edited=\u00bbon|tablet\u00bb custom_padding=\u00bb0px||0px||true|false\u00bb hover_enabled=\u00bb0&#8243; global_colors_info=\u00bb{}\u00bb sticky_enabled=\u00bb0&#8243;][et_pb_column type=\u00bb1_2&#8243; _builder_version=\u00bb4.20.2&#8243; _module_preset=\u00bbdefault\u00bb global_colors_info=\u00bb{}\u00bb][et_pb_blurb title=\u00bbFIESTA EN EL CASTILLO DE LA PRINCESA\u00bb url=\u00bbhttps:\/\/www.aquitheaterberlin.de\/fiesta-en-el-castillo-de-la-princesa\/\u00bb image_icon_width=\u00bb55px\u00bb _builder_version=\u00bb4.27.0&#8243; _module_preset=\u00bbdefault\u00bb header_font=\u00bbRoboto Condensed|700|||||||\u00bb header_text_align=\u00bbcenter\u00bb header_text_color=\u00bb#FFFFFF\u00bb header_font_size=\u00bb20px\u00bb body_font=\u00bbRoboto Flex||||||||\u00bb body_text_align=\u00bbcenter\u00bb body_text_color=\u00bbRGBA(255,255,255,0)\u00bb body_font_size=\u00bb0px\u00bb body_line_height=\u00bb1.8em\u00bb use_background_color_gradient=\u00bbon\u00bb background_color_gradient_stops=\u00bbrgba(255,255,255,0) 78%|rgba(0,0,0,0.62) 78%\u00bb background_color_gradient_overlays_image=\u00bbon\u00bb background_image=\u00bbhttps:\/\/www.aquitheaterberlin.de\/wp-content\/uploads\/2024\/05\/2024_03_21_17_41_IMG_9695-scaled.jpg\u00bb custom_padding=\u00bb304px|30px|22px|30px|false|true\u00bb custom_padding_last_edited=\u00bboff|desktop\u00bb animation=\u00bboff\u00bb hover_transition_duration=\u00bb0ms\u00bb hover_transition_speed_curve=\u00bblinear\u00bb link_option_url=\u00bbhttps:\/\/www.aquitheaterberlin.de\/fiesta-en-el-castillo-de-la-princesa\/\u00bb hover_enabled=\u00bb0&#8243; border_radii=\u00bbon|10px|10px|10px|10px\u00bb global_colors_info=\u00bb{}\u00bb icon_color__hover_enabled=\u00bbon|hover\u00bb icon_color__hover=\u00bb#FFFFFF\u00bb header_text_color__hover_enabled=\u00bbon|hover\u00bb header_text_color__hover=\u00bb#FFFFFF\u00bb body_text_color__hover_enabled=\u00bbon|hover\u00bb body_text_color__hover=\u00bb#FFFFFF\u00bb transform_styles__hover_enabled=\u00bboff|desktop\u00bb transform_scale__hover_enabled=\u00bboff|desktop\u00bb transform_translate__hover_enabled=\u00bboff|desktop\u00bb transform_rotate__hover_enabled=\u00bboff|desktop\u00bb transform_skew__hover_enabled=\u00bboff|desktop\u00bb transform_origin__hover_enabled=\u00bboff|desktop\u00bb transform_scale__hover=\u00bb105%|105%\u00bb background_image__hover=\u00bbhttps:\/\/www.aquitheaterberlin.de\/wp-content\/uploads\/2024\/05\/2024_03_21_17_41_IMG_9695-1.jpg\u00bb background_color__hover=\u00bb\u00bb custom_css_main_element__hover_enabled=\u00bbon|hover\u00bb custom_css_main_element__hover=\u00bbbackground-size: 120%;\u00bb background__hover_enabled=\u00bbon|hover\u00bb background_color_gradient_stops__hover=\u00bbrgba(0,0,0,0.54) 0%|rgba(0,0,0,0.54) 100%\u00bb use_background_color_gradient__hover=\u00bbon\u00bb background_color_gradient_overlays_image__hover=\u00bbon\u00bb body_font_size__hover_enabled=\u00bbon|hover\u00bb body_font_size__hover=\u00bb15px\u00bb custom_padding__hover_enabled=\u00bbon|hover\u00bb custom_padding__hover=\u00bb215px||30px||false|true\u00bb background_enable_image__hover=\u00bbon\u00bb parallax__hover=\u00bbon\u00bb sticky_enabled=\u00bb0&#8243; title_text=\u00bb2024_03_21_17_41_IMG_9695&#8243;]<\/p>\n<p><span style=\"font-weight: 400;\">Creamos obras mediante danza, teatro f\u00edsico y danza teatro, utilizando herramientas brechtianas. Partimos de biograf\u00edas para transformarlas en ficciones que exploran perspectivas feministas, migrantes y decoloniales.<\/span><\/p>\n<p>[\/et_pb_blurb][\/et_pb_column][et_pb_column type=\u00bb1_2&#8243; _builder_version=\u00bb4.20.2&#8243; _module_preset=\u00bbdefault\u00bb global_colors_info=\u00bb{}\u00bb][et_pb_blurb title=\u00bbKAMISHIBAI\u00bb url=\u00bbhttps:\/\/www.aquitheaterberlin.de\/kamishibai\/\u00bb image_icon_width=\u00bb55px\u00bb _builder_version=\u00bb4.27.0&#8243; _module_preset=\u00bbdefault\u00bb header_font=\u00bbRoboto Condensed|700|||||||\u00bb header_text_align=\u00bbcenter\u00bb header_text_color=\u00bb#FFFFFF\u00bb header_font_size=\u00bb20px\u00bb body_font=\u00bbRoboto Flex||||||||\u00bb body_text_align=\u00bbcenter\u00bb body_text_color=\u00bbRGBA(255,255,255,0)\u00bb body_font_size=\u00bb0px\u00bb body_line_height=\u00bb1.8em\u00bb use_background_color_gradient=\u00bbon\u00bb background_color_gradient_stops=\u00bbrgba(255,255,255,0) 78%|rgba(0,0,0,0.62) 78%\u00bb background_color_gradient_overlays_image=\u00bbon\u00bb background_image=\u00bbhttps:\/\/www.aquitheaterberlin.de\/wp-content\/uploads\/2024\/05\/IMG_7155-scaled.jpg\u00bb custom_padding=\u00bb304px|30px|22px|30px|false|true\u00bb custom_padding_last_edited=\u00bboff|desktop\u00bb animation=\u00bboff\u00bb hover_transition_duration=\u00bb0ms\u00bb hover_transition_speed_curve=\u00bblinear\u00bb link_option_url=\u00bbhttps:\/\/www.aquitheaterberlin.de\/kamishibai\/\u00bb hover_enabled=\u00bb0&#8243; border_radii=\u00bbon|10px|10px|10px|10px\u00bb global_colors_info=\u00bb{}\u00bb icon_color__hover_enabled=\u00bbon|hover\u00bb icon_color__hover=\u00bb#FFFFFF\u00bb header_text_color__hover_enabled=\u00bbon|hover\u00bb header_text_color__hover=\u00bb#FFFFFF\u00bb body_text_color__hover_enabled=\u00bbon|hover\u00bb body_text_color__hover=\u00bb#FFFFFF\u00bb transform_styles__hover_enabled=\u00bboff|desktop\u00bb transform_scale__hover_enabled=\u00bboff|desktop\u00bb transform_translate__hover_enabled=\u00bboff|desktop\u00bb transform_rotate__hover_enabled=\u00bboff|desktop\u00bb transform_skew__hover_enabled=\u00bboff|desktop\u00bb transform_origin__hover_enabled=\u00bboff|desktop\u00bb transform_scale__hover=\u00bb105%|105%\u00bb background_image__hover=\u00bbhttps:\/\/www.aquitheaterberlin.de\/wp-content\/uploads\/2024\/05\/IMG_7184-scaled.jpg\u00bb background_color__hover=\u00bb\u00bb custom_css_main_element__hover_enabled=\u00bbon|hover\u00bb custom_css_main_element__hover=\u00bbbackground-size: 120%;\u00bb background__hover_enabled=\u00bbon|hover\u00bb background_color_gradient_stops__hover=\u00bbrgba(0,0,0,0.54) 0%|rgba(0,0,0,0.54) 100%\u00bb use_background_color_gradient__hover=\u00bbon\u00bb background_color_gradient_overlays_image__hover=\u00bbon\u00bb body_font_size__hover_enabled=\u00bbon|hover\u00bb body_font_size__hover=\u00bb15px\u00bb custom_padding__hover_enabled=\u00bbon|hover\u00bb custom_padding__hover=\u00bb215px||30px||false|true\u00bb background_enable_image__hover=\u00bbon\u00bb parallax__hover=\u00bbon\u00bb sticky_enabled=\u00bb0&#8243; title_text=\u00bbIMG_7184&#8243;]<\/p>\n<p>Utilizamos las artes como herramientas sociales para desarrollar competencias, estimulando la reflexi\u00f3n, fomentando el pensamiento cr\u00edtico, fortaleciendo la autoestima y promoviendo la participaci\u00f3n social.<\/p>\n<p>[\/et_pb_blurb][\/et_pb_column][\/et_pb_row][et_pb_row _builder_version=\u00bb4.27.0&#8243; _module_preset=\u00bbdefault\u00bb global_colors_info=\u00bb{}\u00bb][et_pb_column type=\u00bb4_4&#8243; _builder_version=\u00bb4.27.0&#8243; _module_preset=\u00bbdefault\u00bb global_colors_info=\u00bb{}\u00bb][et_pb_text _builder_version=\u00bb4.27.0&#8243; text_font=\u00bbRoboto|300|||||||\u00bb text_text_color=\u00bb#000000&#8243; text_font_size=\u00bb18px\u00bb text_line_height=\u00bb1.8em\u00bb link_font=\u00bb||||||||\u00bb header_font=\u00bbMuli|700|||||||\u00bb header_text_align=\u00bbcenter\u00bb header_text_color=\u00bb#297FCA\u00bb text_orientation=\u00bbcenter\u00bb max_width=\u00bb820px\u00bb module_alignment=\u00bbcenter\u00bb custom_margin=\u00bb3px|||||\u00bb global_colors_info=\u00bb{}\u00bb]<\/p>\n<p><strong>Obras disponibles para 2024:<\/strong><\/p>\n<p><span style=\"font-weight: 400;\">Entre enero y abril: La fiesta en el castillo de la princesa<\/span><\/p>\n<p><span style=\"font-weight: 400;\"><strong>Obras en creaci\u00f3n 2024<\/strong>: En el mar<\/span><span style=\"font-weight: 400;\"><\/span><\/p>\n<p>[\/et_pb_text][\/et_pb_column][\/et_pb_row][\/et_pb_section][et_pb_section fb_built=\u00bb1&#8243; admin_label=\u00bbsecci\u00f3n imagen fondo\u00bb module_id=\u00bbTL-Seccion-Fondo\u00bb _builder_version=\u00bb4.24.1&#8243; _module_preset=\u00bbdefault\u00bb background_color=\u00bb#477C92&#8243; background_image=\u00bbhttps:\/\/www.aquitheaterberlin.de\/wp-content\/uploads\/2024\/05\/KIDS-PORTADA.jpg\u00bb background_blend=\u00bbmultiply\u00bb positioning=\u00bbfixed\u00bb height=\u00bb100vh\u00bb custom_css_main_element=\u00bbbackground-blend-mode: multiply;||background-image: url(https:\/\/www.aquitheaterberlin.de\/wp-content\/uploads\/2024\/04\/Reverso-Angel-Esmediche.jpg);\u00bb global_colors_info=\u00bb{}\u00bb][et_pb_row _builder_version=\u00bb4.24.1&#8243; _module_preset=\u00bbdefault\u00bb global_colors_info=\u00bb{}\u00bb][et_pb_column type=\u00bb4_4&#8243; _builder_version=\u00bb4.24.1&#8243; _module_preset=\u00bbdefault\u00bb global_colors_info=\u00bb{}\u00bb][\/et_pb_column][\/et_pb_row][\/et_pb_section][et_pb_section fb_built=\u00bb1&#8243; _builder_version=\u00bb4.24.1&#8243; _module_preset=\u00bbdefault\u00bb background_color=\u00bbRGBA(255,255,255,0)\u00bb z_index=\u00bb9&#8243; global_colors_info=\u00bb{}\u00bb][et_pb_row _builder_version=\u00bb4.24.1&#8243; _module_preset=\u00bbdefault\u00bb custom_margin=\u00bb||30px||false|false\u00bb global_colors_info=\u00bb{}\u00bb][et_pb_column type=\u00bb4_4&#8243; _builder_version=\u00bb4.24.1&#8243; _module_preset=\u00bbdefault\u00bb global_colors_info=\u00bb{}\u00bb][et_pb_text _builder_version=\u00bb4.27.0&#8243; _module_preset=\u00bbdefault\u00bb text_font=\u00bbRoboto Condensed||||||||\u00bb header_font=\u00bbRoboto Condensed|700|||||||\u00bb header_text_color=\u00bb#FFFFFF\u00bb header_2_font=\u00bbRoboto Condensed||||||||\u00bb header_3_font=\u00bbRoboto Condensed||||||||\u00bb header_3_text_color=\u00bb#000000&#8243; text_orientation=\u00bbcenter\u00bb animation_style=\u00bbfade\u00bb global_colors_info=\u00bb{}\u00bb]<\/p>\n<h1>AQUITHEATERKIDS RECORRIDO<br \/>\n<\/h1>\n<p>[\/et_pb_text][\/et_pb_column][\/et_pb_row][et_pb_row column_structure=\u00bb1_2,1_2&#8243; use_custom_gutter=\u00bbon\u00bb gutter_width=\u00bb1&#8243; make_equal=\u00bbon\u00bb custom_padding_last_edited=\u00bbon|desktop\u00bb admin_label=\u00bbFila-Iquierda-1&#8243; module_id=\u00bbTL-Fila-01&#8243; _builder_version=\u00bb4.24.1&#8243; _module_preset=\u00bbdefault\u00bb max_width=\u00bb680px\u00bb custom_padding=\u00bb0px||0px||true|false\u00bb custom_padding_tablet=\u00bb0px||0px||true|false\u00bb custom_padding_phone=\u00bb0px||0px||true|false\u00bb animation_style=\u00bbfade\u00bb custom_css_main_element=\u00bbdisplay: flex;\u00bb global_colors_info=\u00bb{}\u00bb custom_css_main_element_last_edited=\u00bbon|tablet\u00bb custom_css_main_element_tablet=\u00bbdisplay: flex;||flex-direction: row-reverse\u00bb custom_css_main_element_phone=\u00bbdisplay: flex;||flex-direction: row-reverse\u00bb custom_padding__hover_enabled=\u00bbon|desktop\u00bb custom_padding__hover=\u00bb0px||0px||true|false\u00bb][et_pb_column type=\u00bb1_2&#8243; _builder_version=\u00bb4.24.1&#8243; _module_preset=\u00bbdefault\u00bb border_width_right=\u00bb1px\u00bb border_color_right=\u00bb#FFFFFF\u00bb border_width_left=\u00bb0px\u00bb border_width_right_tablet=\u00bb0px\u00bb border_width_right_phone=\u00bb0px\u00bb border_width_right_last_edited=\u00bbon|tablet\u00bb global_colors_info=\u00bb{}\u00bb custom_css_main_element_last_edited=\u00bbon|tablet\u00bb custom_css_main_element_tablet=\u00bbwidth: 80% !important;\u00bb custom_css_main_element_phone=\u00bbwidth: 80% !important;\u00bb][et_pb_blurb title=\u00bbPEDRITO ZAPATA SE PREPARA PARA RECIBIR A NIKOLAUS\u00bb image=\u00bbhttps:\/\/www.aquitheaterberlin.de\/wp-content\/uploads\/2024\/04\/Pedrito-Zapata.jpg\u00bb _builder_version=\u00bb4.24.1&#8243; _module_preset=\u00bbdefault\u00bb header_font=\u00bbRoboto Condensed|700|||||||\u00bb header_text_align=\u00bbcenter\u00bb header_text_color=\u00bb#FFFFFF\u00bb header_font_size=\u00bb25px\u00bb body_font=\u00bbRoboto|300|||||||\u00bb body_text_color=\u00bb#FFFFFF\u00bb custom_margin=\u00bb|40px|||false|false\u00bb custom_margin_tablet=\u00bb|||30px|false|false\u00bb custom_margin_phone=\u00bb|||30px|false|false\u00bb custom_margin_last_edited=\u00bbon|desktop\u00bb animation_style=\u00bbfade\u00bb scroll_vertical_motion_enable=\u00bbon\u00bb scroll_vertical_motion=\u00bb0|50|50|100|2|0|-2&#8243; scroll_blur_enable=\u00bbon\u00bb border_radii_image=\u00bbon|10px|10px|10px|10px\u00bb global_colors_info=\u00bb{}\u00bb custom_css_main_element_last_edited=\u00bbon|phone\u00bb custom_css_main_element_tablet=\u00bbwidth: 80% !important;\u00bb custom_css_main_element_phone=\u00bbwidth: 80% !important;\u00bb]<\/p>\n<p><strong>Concepto e int\u00e9rprete:<\/strong> Lorena Valdenegro<\/p>\n<p>\u201cPedrito, \u00bfqu\u00e9 tienes ah\u00ed?<br \/>Nada mami, nada papi, no tengo ning\u00fan chocolate en mi zapato.<br \/>\u00bfChocolate? Qui\u00e9n dijo chocolate?\u201d<\/p>\n<p>[\/et_pb_blurb][\/et_pb_column][et_pb_column type=\u00bb1_2&#8243; _builder_version=\u00bb4.24.1&#8243; _module_preset=\u00bbdefault\u00bb custom_css_main_element=\u00bbdisplay: flex;||align-items: center;\u00bb border_color_right=\u00bb#FFFFFF\u00bb border_width_all_tablet=\u00bb\u00bb border_width_all_phone=\u00bb\u00bb border_width_all_last_edited=\u00bbon|tablet\u00bb border_width_right_tablet=\u00bb1px\u00bb border_width_right_phone=\u00bb1px\u00bb border_width_right_last_edited=\u00bbon|phone\u00bb global_colors_info=\u00bb{}\u00bb custom_css_main_element_last_edited=\u00bbon|tablet\u00bb custom_css_main_element_tablet=\u00bbdisplay: flex;||align-items: center;||width:20% !important;||justify-content: flex-end\u00bb custom_css_main_element_phone=\u00bbdisplay: flex;||align-items: center;||width:20% !important;||justify-content: flex-end\u00bb][et_pb_text _builder_version=\u00bb4.24.1&#8243; _module_preset=\u00bbdefault\u00bb header_3_font=\u00bbRoboto Condensed|700|||||||\u00bb header_3_text_color=\u00bb#FFFFFF\u00bb custom_margin=\u00bb|||-1.4px|false|false\u00bb custom_margin_tablet=\u00bb|-1.4px||0px|false|false\u00bb custom_margin_phone=\u00bb|-1.4px||0px|false|false\u00bb custom_margin_last_edited=\u00bbon|phone\u00bb custom_padding=\u00bb|||30px|false|false\u00bb custom_padding_tablet=\u00bb|||20px|false|false\u00bb custom_padding_phone=\u00bb|||10px|false|false\u00bb custom_padding_last_edited=\u00bbon|phone\u00bb scroll_vertical_motion_enable=\u00bbon\u00bb border_color_right=\u00bb#891F69&#8243; border_width_left=\u00bb2px\u00bb border_color_left=\u00bb#891F69&#8243; border_width_all_tablet=\u00bb\u00bb border_width_all_phone=\u00bb\u00bb border_width_all_last_edited=\u00bbon|desktop\u00bb border_width_right_tablet=\u00bb2px\u00bb border_width_right_phone=\u00bb2px\u00bb border_width_right_last_edited=\u00bbon|phone\u00bb border_width_left_tablet=\u00bb0px\u00bb border_width_left_phone=\u00bb0px\u00bb border_width_left_last_edited=\u00bbon|phone\u00bb global_colors_info=\u00bb{}\u00bb]<\/p>\n<h3>2017<\/h3>\n<p>[\/et_pb_text][\/et_pb_column][\/et_pb_row][et_pb_row column_structure=\u00bb1_2,1_2&#8243; use_custom_gutter=\u00bbon\u00bb gutter_width=\u00bb1&#8243; make_equal=\u00bbon\u00bb admin_label=\u00bbFila-Derecha-2&#8243; module_id=\u00bbTL-Fila-02&#8243; _builder_version=\u00bb4.24.1&#8243; _module_preset=\u00bbdefault\u00bb max_width=\u00bb680px\u00bb custom_padding=\u00bb0px||0px||true|false\u00bb animation_style=\u00bbfade\u00bb custom_css_main_element=\u00bbdisplay: flex;\u00bb global_colors_info=\u00bb{}\u00bb][et_pb_column type=\u00bb1_2&#8243; _builder_version=\u00bb4.24.1&#8243; _module_preset=\u00bbdefault\u00bb custom_css_main_element=\u00bbdisplay: flex;||align-items: center;||justify-content: flex-end;\u00bb border_width_right=\u00bb1px\u00bb border_color_right=\u00bb#FFFFFF\u00bb global_colors_info=\u00bb{}\u00bb custom_css_main_element_last_edited=\u00bbon|tablet\u00bb custom_css_main_element_tablet=\u00bbdisplay: flex;||align-items: center;||justify-content: flex-end;||width: 20% !important;\u00bb custom_css_main_element_phone=\u00bbdisplay: flex;||align-items: center;||justify-content: flex-end;||width: 20% !important;\u00bb][et_pb_text _builder_version=\u00bb4.24.1&#8243; _module_preset=\u00bbdefault\u00bb header_3_font=\u00bbRoboto Condensed|700|||||||\u00bb header_3_text_color=\u00bb#FFFFFF\u00bb custom_margin=\u00bb|-1.4px|||false|false\u00bb custom_padding=\u00bb|30px||0px|false|false\u00bb scroll_vertical_motion_enable=\u00bbon\u00bb border_width_right=\u00bb2px\u00bb border_color_right=\u00bb#891F69&#8243; border_color_left=\u00bb#891F69&#8243; global_colors_info=\u00bb{}\u00bb]<\/p>\n<h3>2018<\/h3>\n<p>[\/et_pb_text][\/et_pb_column][et_pb_column type=\u00bb1_2&#8243; _builder_version=\u00bb4.24.1&#8243; _module_preset=\u00bbdefault\u00bb border_color_right=\u00bb#891F69&#8243; global_colors_info=\u00bb{}\u00bb custom_css_main_element_last_edited=\u00bbon|tablet\u00bb custom_css_main_element_tablet=\u00bbwidth: 80% !important; \u00bb custom_css_main_element_phone=\u00bbwidth: 80% !important; \u00ab][et_pb_blurb title=\u00bbLA FAMILIA PASCUAS\u00bb image=\u00bbhttps:\/\/www.aquitheaterberlin.de\/wp-content\/uploads\/2024\/04\/La-familia-Pascuas.jpg\u00bb admin_label=\u00bbFila-Derecha-2&#8243; _builder_version=\u00bb4.24.1&#8243; _module_preset=\u00bbdefault\u00bb header_font=\u00bbRoboto Condensed|700|||||||\u00bb header_text_color=\u00bb#FFFFFF\u00bb header_font_size=\u00bb25px\u00bb body_font=\u00bbRoboto|300|||||||\u00bb body_text_color=\u00bb#FFFFFF\u00bb custom_margin=\u00bb|||40px|false|false\u00bb animation_style=\u00bbfade\u00bb scroll_vertical_motion_enable=\u00bbon\u00bb scroll_vertical_motion=\u00bb0|50|50|100|2|0|-2&#8243; scroll_blur_enable=\u00bbon\u00bb border_radii_image=\u00bbon|10px|10px|10px|10px\u00bb global_colors_info=\u00bb{}\u00bb]<\/p>\n<p><strong>Concepto e interpretaci\u00f3n:<\/strong> Senait Sebatlehab y Lorena Valdenegro<\/p>\n<p>\u201cHe venido a robarme los huevitos,<br \/>No le digan a nadie, que nadie me vea\u201d<\/p>\n<p>[\/et_pb_blurb][\/et_pb_column][\/et_pb_row][et_pb_row column_structure=\u00bb1_2,1_2&#8243; use_custom_gutter=\u00bbon\u00bb gutter_width=\u00bb1&#8243; make_equal=\u00bbon\u00bb custom_padding_last_edited=\u00bbon|desktop\u00bb admin_label=\u00bbFila-Iquierda-3&#8243; module_id=\u00bbTL-Fila-03&#8243; _builder_version=\u00bb4.24.1&#8243; _module_preset=\u00bbdefault\u00bb max_width=\u00bb680px\u00bb custom_padding=\u00bb0px||0px||true|false\u00bb custom_padding_tablet=\u00bb0px||0px||true|false\u00bb custom_padding_phone=\u00bb0px||0px||true|false\u00bb animation_style=\u00bbfade\u00bb custom_css_main_element=\u00bbdisplay: flex;\u00bb global_colors_info=\u00bb{}\u00bb custom_css_main_element_last_edited=\u00bbon|tablet\u00bb custom_css_main_element_tablet=\u00bbdisplay: flex;||flex-direction: row-reverse\u00bb custom_css_main_element_phone=\u00bbdisplay: flex;||flex-direction: row-reverse\u00bb custom_padding__hover_enabled=\u00bbon|desktop\u00bb custom_padding__hover=\u00bb0px||0px||true|false\u00bb][et_pb_column type=\u00bb1_2&#8243; _builder_version=\u00bb4.24.1&#8243; _module_preset=\u00bbdefault\u00bb border_width_right=\u00bb1px\u00bb border_color_right=\u00bb#FFFFFF\u00bb border_width_left=\u00bb0px\u00bb border_width_right_tablet=\u00bb0px\u00bb border_width_right_phone=\u00bb0px\u00bb border_width_right_last_edited=\u00bbon|tablet\u00bb global_colors_info=\u00bb{}\u00bb custom_css_main_element_last_edited=\u00bbon|tablet\u00bb custom_css_main_element_tablet=\u00bbwidth: 80% !important;\u00bb custom_css_main_element_phone=\u00bbwidth: 80% !important;\u00bb][et_pb_blurb title=\u00bbLA PAJARITA DE LOS ZAPATILLAS BRILLANTES\u00bb image=\u00bbhttps:\/\/www.aquitheaterberlin.de\/wp-content\/uploads\/2024\/04\/La-pajarita-de-las-zapatillas-brillantes-scaled.jpg\u00bb _builder_version=\u00bb4.24.1&#8243; _module_preset=\u00bbdefault\u00bb header_font=\u00bbRoboto Condensed|700|||||||\u00bb header_text_align=\u00bbcenter\u00bb header_text_color=\u00bb#FFFFFF\u00bb header_font_size=\u00bb25px\u00bb body_font=\u00bbRoboto|300|||||||\u00bb body_text_color=\u00bb#FFFFFF\u00bb custom_margin=\u00bb|40px|||false|false\u00bb custom_margin_tablet=\u00bb|||30px|false|false\u00bb custom_margin_phone=\u00bb|||30px|false|false\u00bb custom_margin_last_edited=\u00bbon|desktop\u00bb animation_style=\u00bbfade\u00bb scroll_vertical_motion_enable=\u00bbon\u00bb scroll_vertical_motion=\u00bb0|50|50|100|2|0|-2&#8243; scroll_blur_enable=\u00bbon\u00bb border_radii_image=\u00bbon|10px|10px|10px|10px\u00bb global_colors_info=\u00bb{}\u00bb custom_css_main_element_last_edited=\u00bbon|phone\u00bb custom_css_main_element_tablet=\u00bbwidth: 80% !important;\u00bb custom_css_main_element_phone=\u00bbwidth: 80% !important;\u00bb]<\/p>\n<p><strong>Concepto e int\u00e9rprete:<\/strong> Lorena Valdenegro<\/p>\n<p>\u201c\u00bfno queda agua? Y qu\u00e9 vamos a hacer?<br \/>No se preocupen mamis, yo voy a viajar y traer\u00e9 agua para toda la familia<br \/>Pero hija, \u00bfy esos zapatos? \u00bfno crees que te ves un tanto diferente?\u201d<\/p>\n<p>[\/et_pb_blurb][\/et_pb_column][et_pb_column type=\u00bb1_2&#8243; _builder_version=\u00bb4.24.1&#8243; _module_preset=\u00bbdefault\u00bb custom_css_main_element=\u00bbdisplay: flex;||align-items: center;\u00bb border_color_right=\u00bb#FFFFFF\u00bb border_width_all_tablet=\u00bb\u00bb border_width_all_phone=\u00bb\u00bb border_width_all_last_edited=\u00bbon|tablet\u00bb border_width_right_tablet=\u00bb1px\u00bb border_width_right_phone=\u00bb1px\u00bb border_width_right_last_edited=\u00bbon|phone\u00bb global_colors_info=\u00bb{}\u00bb custom_css_main_element_last_edited=\u00bbon|tablet\u00bb custom_css_main_element_tablet=\u00bbdisplay: flex;||align-items: center;||width:20% !important;||justify-content: flex-end\u00bb custom_css_main_element_phone=\u00bbdisplay: flex;||align-items: center;||width:20% !important;||justify-content: flex-end\u00bb][et_pb_text _builder_version=\u00bb4.24.1&#8243; _module_preset=\u00bbdefault\u00bb header_3_font=\u00bbRoboto Condensed|700|||||||\u00bb header_3_text_color=\u00bb#FFFFFF\u00bb custom_margin=\u00bb|||-1.4px|false|false\u00bb custom_margin_tablet=\u00bb|-1.4px||0px|false|false\u00bb custom_margin_phone=\u00bb|-1.4px||0px|false|false\u00bb custom_margin_last_edited=\u00bbon|phone\u00bb custom_padding=\u00bb|||30px|false|false\u00bb custom_padding_tablet=\u00bb|||20px|false|false\u00bb custom_padding_phone=\u00bb|||10px|false|false\u00bb custom_padding_last_edited=\u00bbon|phone\u00bb scroll_vertical_motion_enable=\u00bbon\u00bb border_color_right=\u00bb#891F69&#8243; border_width_left=\u00bb2px\u00bb border_color_left=\u00bb#891F69&#8243; border_width_all_tablet=\u00bb\u00bb border_width_all_phone=\u00bb\u00bb border_width_all_last_edited=\u00bbon|desktop\u00bb border_width_right_tablet=\u00bb2px\u00bb border_width_right_phone=\u00bb2px\u00bb border_width_right_last_edited=\u00bbon|phone\u00bb border_width_left_tablet=\u00bb0px\u00bb border_width_left_phone=\u00bb0px\u00bb border_width_left_last_edited=\u00bbon|phone\u00bb global_colors_info=\u00bb{}\u00bb]<\/p>\n<h3>2019-2020<\/h3>\n<p>[\/et_pb_text][\/et_pb_column][\/et_pb_row][et_pb_row column_structure=\u00bb1_2,1_2&#8243; use_custom_gutter=\u00bbon\u00bb gutter_width=\u00bb1&#8243; make_equal=\u00bbon\u00bb admin_label=\u00bbFila-Derecha-4&#8243; module_id=\u00bbTL-Fila-04&#8243; _builder_version=\u00bb4.24.1&#8243; _module_preset=\u00bbdefault\u00bb max_width=\u00bb680px\u00bb custom_padding=\u00bb0px||0px||true|false\u00bb animation_style=\u00bbfade\u00bb custom_css_main_element=\u00bbdisplay: flex;\u00bb border_width_all_tablet=\u00bb\u00bb border_width_all_phone=\u00bb\u00bb border_width_all_last_edited=\u00bbon|desktop\u00bb global_colors_info=\u00bb{}\u00bb][et_pb_column type=\u00bb1_2&#8243; _builder_version=\u00bb4.24.1&#8243; _module_preset=\u00bbdefault\u00bb custom_css_main_element=\u00bbdisplay: flex;||align-items: center;||justify-content: flex-end;\u00bb border_width_right=\u00bb1px\u00bb border_color_right=\u00bb#FFFFFF\u00bb border_width_right_tablet=\u00bb1px\u00bb border_width_right_phone=\u00bb1px\u00bb border_width_right_last_edited=\u00bbon|tablet\u00bb global_colors_info=\u00bb{}\u00bb custom_css_main_element_last_edited=\u00bbon|tablet\u00bb custom_css_main_element_tablet=\u00bbdisplay: flex;||align-items: center;||justify-content: flex-end;||width: 20% !important;\u00bb custom_css_main_element_phone=\u00bbdisplay: flex;||align-items: center;||justify-content: flex-end;||width: 20% !important;\u00bb][et_pb_text _builder_version=\u00bb4.24.1&#8243; _module_preset=\u00bbdefault\u00bb header_3_font=\u00bbRoboto Condensed|700|||||||\u00bb header_3_text_color=\u00bb#FFFFFF\u00bb custom_margin=\u00bb|-1.4px|||false|false\u00bb custom_padding=\u00bb|30px||0px|false|false\u00bb scroll_vertical_motion_enable=\u00bbon\u00bb border_width_right=\u00bb2px\u00bb border_color_right=\u00bb#891F69&#8243; border_color_left=\u00bb#891F69&#8243; global_colors_info=\u00bb{}\u00bb]<\/p>\n<h3>2018-2023<\/h3>\n<p>[\/et_pb_text][\/et_pb_column][et_pb_column type=\u00bb1_2&#8243; _builder_version=\u00bb4.24.1&#8243; _module_preset=\u00bbdefault\u00bb border_color_right=\u00bb#891F69&#8243; border_width_right_tablet=\u00bb\u00bb border_width_right_phone=\u00bb\u00bb border_width_right_last_edited=\u00bbon|desktop\u00bb border_color_right_tablet=\u00bb#891F69&#8243; border_color_right_phone=\u00bb#891F69&#8243; border_color_right_last_edited=\u00bbon|desktop\u00bb global_colors_info=\u00bb{}\u00bb custom_css_main_element_last_edited=\u00bbon|tablet\u00bb custom_css_main_element_tablet=\u00bbwidth: 80% !important; \u00bb custom_css_main_element_phone=\u00bbwidth: 80% !important; \u00ab][et_pb_blurb title=\u00bbFIESTA EN EL CASTILLO DE LA PRINCESA\u00bb image=\u00bbhttps:\/\/www.aquitheaterberlin.de\/wp-content\/uploads\/2024\/04\/La-fiesta-en-el-castillo-scaled.jpg\u00bb admin_label=\u00bbFila-Derecha-2&#8243; _builder_version=\u00bb4.24.1&#8243; _module_preset=\u00bbdefault\u00bb header_font=\u00bbRoboto Condensed|700|||||||\u00bb header_text_color=\u00bb#FFFFFF\u00bb header_font_size=\u00bb25px\u00bb body_font=\u00bbRoboto|300|||||||\u00bb body_text_color=\u00bb#FFFFFF\u00bb custom_margin=\u00bb|||40px|false|false\u00bb animation_style=\u00bbfade\u00bb scroll_vertical_motion_enable=\u00bbon\u00bb scroll_vertical_motion=\u00bb0|50|50|100|2|0|-2&#8243; scroll_blur_enable=\u00bbon\u00bb border_radii_image=\u00bbon|10px|10px|10px|10px\u00bb global_colors_info=\u00bb{}\u00bb]<\/p>\n<p><strong>Concepto e int\u00e9rprete:<\/strong> Lorena Valdenegro<\/p>\n<p>\u201cpr\u00edncipe, yo tambi\u00e9n quer\u00eda vivir aventuras, quiero pelear con dragones<br \/>Y recorrer el mundo. Quedarme sentada tomando el t\u00e9 me aburre mucho. \u00a1Por eso cre\u00e9 mi banda de rock!\u201d<\/p>\n<p>[\/et_pb_blurb][\/et_pb_column][\/et_pb_row][\/et_pb_section][et_pb_section fb_built=\u00bb1&#8243; disabled_on=\u00bbon|on|on\u00bb admin_label=\u00bbCode de funcionalidad TL\u00bb _builder_version=\u00bb4.24.1&#8243; _module_preset=\u00bbdefault\u00bb disabled=\u00bbon\u00bb global_colors_info=\u00bb{}\u00bb][et_pb_row _builder_version=\u00bb4.24.1&#8243; _module_preset=\u00bbdefault\u00bb global_colors_info=\u00bb{}\u00bb][et_pb_column type=\u00bb4_4&#8243; _builder_version=\u00bb4.24.1&#8243; _module_preset=\u00bbdefault\u00bb global_colors_info=\u00bb{}\u00bb][et_pb_code _builder_version=\u00bb4.24.1&#8243; _module_preset=\u00bbdefault\u00bb global_colors_info=\u00bb{}\u00bb]<script><!-- [et_pb_line_break_holder] -->(function($){<!-- [et_pb_line_break_holder] -->$(window).on(\"scroll touchmove\", function() {<!-- [et_pb_line_break_holder] -->  <!-- [et_pb_line_break_holder] -->if ($(document).scrollTop() >= $(\"#TL-Fila-01\").position().top-100) {<!-- [et_pb_line_break_holder] -->   $('#TL-Seccion-Fondo').css( \"background-image\", \"url(https:\/\/www.aquitheaterberlin.de\/wp-content\/uploads\/2024\/04\/Reverso-Angel-Esmediche.jpg)\" );<!-- [et_pb_line_break_holder] -->}<!-- [et_pb_line_break_holder] -->  <!-- [et_pb_line_break_holder] -->if ($(document).scrollTop() >= $(\"#TL-Fila-02\").position().top-100) {<!-- [et_pb_line_break_holder] -->   $('#TL-Seccion-Fondo').css( \"background-image\", \"url(https:\/\/www.aquitheaterberlin.de\/wp-content\/uploads\/2024\/04\/Hablar-bajo-el-agua-Daniela-Carvajal.jpg)\" );<!-- [et_pb_line_break_holder] -->}<!-- [et_pb_line_break_holder] --><!-- [et_pb_line_break_holder] -->if ($(document).scrollTop() >= $(\"#TL-Fila-03\").position().top-100) {<!-- [et_pb_line_break_holder] -->   $('#TL-Seccion-Fondo').css( \"background-image\", \"url(https:\/\/www.aquitheaterberlin.de\/wp-content\/uploads\/2024\/04\/Agnicion-Erika-Stehli.jpg)\" );<!-- [et_pb_line_break_holder] -->}<!-- [et_pb_line_break_holder] -->  <!-- [et_pb_line_break_holder] -->if ($(document).scrollTop() >= $(\"#TL-Fila-04\").position().top-100) {<!-- [et_pb_line_break_holder] -->   $('#TL-Seccion-Fondo').css( \"background-image\", \"url(https:\/\/www.aquitheaterberlin.de\/wp-content\/uploads\/2024\/08\/Marta-LuciaJost-scaled.jpg)\" );<!-- [et_pb_line_break_holder] -->}<!-- [et_pb_line_break_holder] -->  <!-- [et_pb_line_break_holder] -->if ($(document).scrollTop() >= $(\"#TL-Fila-05\").position().top-100) {<!-- [et_pb_line_break_holder] -->   $('#TL-Seccion-Fondo').css( \"background-image\", \"url(https:\/\/www.aquitheaterberlin.de\/wp-content\/uploads\/2024\/04\/El-amor-no-es-turismo-Claudia-Catalan.jpg)\" );<!-- [et_pb_line_break_holder] -->}<!-- [et_pb_line_break_holder] -->  <!-- [et_pb_line_break_holder] -->});<!-- [et_pb_line_break_holder] -->})(jQuery)<!-- [et_pb_line_break_holder] --><\/script>[\/et_pb_code][\/et_pb_column][\/et_pb_row][\/et_pb_section]<\/p>\n","protected":false},"excerpt":{"rendered":"<p>Lorem Ipsum DolorEn AQUI, nuestra misi\u00f3n primordial es abordar temas tab\u00fa en nuestra sociedad, utilizando el arte como una poderosa herramienta transformadora. \u00a0Junto a nosotras podr\u00e1s encontrar:AQUITHEATER KIDSAquitheaterKids se interesa por crear obras interactivas para ni\u00f1os\/as con tem\u00e1ticas relacionadas a la igualdad de g\u00e9nero y el cuidado del planeta. A trav\u00e9s de las obras, ni\u00f1os [&hellip;]<\/p>\n","protected":false},"author":1,"featured_media":0,"parent":0,"menu_order":0,"comment_status":"closed","ping_status":"closed","template":"","meta":{"_et_pb_use_builder":"on","_et_pb_old_content":"","_et_gb_content_width":"","footnotes":""},"class_list":["post-308","page","type-page","status-publish","hentry"],"_links":{"self":[{"href":"https:\/\/www.aquitheaterberlin.de\/de\/wp-json\/wp\/v2\/pages\/308","targetHints":{"allow":["GET"]}}],"collection":[{"href":"https:\/\/www.aquitheaterberlin.de\/de\/wp-json\/wp\/v2\/pages"}],"about":[{"href":"https:\/\/www.aquitheaterberlin.de\/de\/wp-json\/wp\/v2\/types\/page"}],"author":[{"embeddable":true,"href":"https:\/\/www.aquitheaterberlin.de\/de\/wp-json\/wp\/v2\/users\/1"}],"replies":[{"embeddable":true,"href":"https:\/\/www.aquitheaterberlin.de\/de\/wp-json\/wp\/v2\/comments?post=308"}],"version-history":[{"count":16,"href":"https:\/\/www.aquitheaterberlin.de\/de\/wp-json\/wp\/v2\/pages\/308\/revisions"}],"predecessor-version":[{"id":88995,"href":"https:\/\/www.aquitheaterberlin.de\/de\/wp-json\/wp\/v2\/pages\/308\/revisions\/88995"}],"wp:attachment":[{"href":"https:\/\/www.aquitheaterberlin.de\/de\/wp-json\/wp\/v2\/media?parent=308"}],"curies":[{"name":"wp","href":"https:\/\/api.w.org\/{rel}","templated":true}]}}