{"id":367,"date":"2024-04-16T11:37:29","date_gmt":"2024-04-16T09:37:29","guid":{"rendered":"https:\/\/www.aquitheaterberlin.de\/?page_id=367"},"modified":"2024-08-22T12:09:03","modified_gmt":"2024-08-22T16:09:03","slug":"kitas-escuelas-y-centros-de-jovenes","status":"publish","type":"page","link":"https:\/\/www.aquitheaterberlin.de\/de\/kitas-escuelas-y-centros-de-jovenes\/","title":{"rendered":"Kitas, Schulen und Jugendzentren"},"content":{"rendered":"<p>[et_pb_section fb_built=\u00bb1&#8243; _builder_version=\u00bb4.27.0&#8243; background_color=\u00bb#383838&#8243; background_image=\u00bbhttps:\/\/www.aquitheaterberlin.de\/wp-content\/uploads\/2024\/04\/DSC_8317-copy-scaled.jpg\u00bb parallax=\u00bbon\u00bb custom_padding=\u00bb252px||252px||true|false\u00bb bottom_divider_height=\u00bb66px\u00bb global_colors_info=\u00bb{}\u00bb][et_pb_row disabled_on=\u00bbon|on|on\u00bb _builder_version=\u00bb4.16&#8243; disabled=\u00bbon\u00bb global_colors_info=\u00bb{}\u00bb][et_pb_column type=\u00bb4_4&#8243; _builder_version=\u00bb4.16&#8243; custom_padding=\u00bb|||\u00bb global_colors_info=\u00bb{}\u00bb custom_padding__hover=\u00bb|||\u00bb][et_pb_text _builder_version=\u00bb4.16&#8243; text_font=\u00bbNunito||||||||\u00bb text_font_size=\u00bb15px\u00bb header_font=\u00bbPoppins|600||on|||||\u00bb header_text_align=\u00bbleft\u00bb header_text_color=\u00bb#ffffff\u00bb header_font_size=\u00bb14px\u00bb header_letter_spacing=\u00bb2px\u00bb header_line_height=\u00bb1.3em\u00bb header_font_size_tablet=\u00bb\u00bb header_font_size_phone=\u00bb14px\u00bb header_font_size_last_edited=\u00bbon|phone\u00bb global_colors_info=\u00bb{}\u00bb]<\/p>\n<h1>Lorem Ipsum Dolor<\/h1>\n<p>[\/et_pb_text][et_pb_text disabled_on=\u00bbon|on|on\u00bb _builder_version=\u00bb4.24.1&#8243; text_font=\u00bbRoboto Condensed|300|||||||\u00bb text_text_color=\u00bb#FFFFFF\u00bb text_font_size=\u00bb18px\u00bb text_line_height=\u00bb1.8em\u00bb max_width=\u00bb627px\u00bb custom_margin=\u00bb-10px||||false|false\u00bb custom_margin_tablet=\u00bb-20px||||false|false\u00bb custom_margin_phone=\u00bb-20px||||false|false\u00bb custom_margin_last_edited=\u00bbon|phone\u00bb disabled=\u00bbon\u00bb global_colors_info=\u00bb{}\u00bb]<\/p>\n<p><span>En AQUI, nuestra misi\u00f3n primordial es abordar temas tab\u00fa en nuestra sociedad, utilizando el arte como una poderosa herramienta transformadora. \u00a0Junto a nosotras podr\u00e1s encontrar:<\/span><\/p>\n<p>[\/et_pb_text][et_pb_button button_text=\u00bbVIEW MORE\u00bb button_alignment=\u00bbleft\u00bb _builder_version=\u00bb4.16&#8243; custom_button=\u00bbon\u00bb button_text_size=\u00bb14px\u00bb button_text_color=\u00bb#000000&#8243; button_bg_color=\u00bb#ffffff\u00bb button_border_width=\u00bb1px\u00bb button_border_color=\u00bb#ffffff\u00bb button_border_radius=\u00bb0px\u00bb button_letter_spacing=\u00bb1px\u00bb button_font=\u00bbPoppins|||on|||||\u00bb button_use_icon=\u00bboff\u00bb custom_margin=\u00bb||\u00bb custom_padding=\u00bb17px|30px|17px|30px|true|true\u00bb global_colors_info=\u00bb{}\u00bb button_bg_color__hover_enabled=\u00bbon\u00bb button_bg_color__hover=\u00bb#bfbfbf\u00bb button_letter_spacing__hover_enabled=\u00bbon\u00bb button_letter_spacing__hover=\u00bb2px\u00bb button_border_color__hover_enabled=\u00bbon\u00bb button_border_color__hover=\u00bb#bfbfbf\u00bb button_text_color__hover_enabled=\u00bbon\u00bb button_text_color__hover=\u00bb#474747&#8243;][\/et_pb_button][\/et_pb_column][\/et_pb_row][\/et_pb_section][et_pb_section fb_built=\u00bb1&#8243; custom_padding_last_edited=\u00bbon|desktop\u00bb _builder_version=\u00bb4.27.0&#8243; custom_padding=\u00bb29px|0px|29px|0px|true|false\u00bb custom_padding_tablet=\u00bb\u00bb custom_padding_phone=\u00bb90px||150px||false\u00bb animation_style=\u00bbfade\u00bb global_colors_info=\u00bb{}\u00bb][et_pb_row use_custom_gutter=\u00bbon\u00bb gutter_width=\u00bb2&#8243; make_equal=\u00bbon\u00bb _builder_version=\u00bb4.16&#8243; width_tablet=\u00bb90%\u00bb width_phone=\u00bb90%\u00bb width_last_edited=\u00bboff|phone\u00bb max_width_tablet=\u00bb90%\u00bb max_width_phone=\u00bb90%\u00bb max_width_last_edited=\u00bboff|tablet\u00bb animation_direction=\u00bbbottom\u00bb global_colors_info=\u00bb{}\u00bb][et_pb_column type=\u00bb4_4&#8243; _builder_version=\u00bb4.16&#8243; custom_padding=\u00bb|||\u00bb global_colors_info=\u00bb{}\u00bb custom_padding__hover=\u00bb|||\u00bb][et_pb_text _builder_version=\u00bb4.22.1&#8243; text_font=\u00bbMuli||||||||\u00bb text_text_color=\u00bb#5499D4&#8243; text_font_size=\u00bb16px\u00bb header_font=\u00bbPoppins|700|||||||\u00bb header_text_align=\u00bbcenter\u00bb header_text_color=\u00bb#000000&#8243; header_line_height=\u00bb1.3em\u00bb text_orientation=\u00bbcenter\u00bb max_width=\u00bb900px\u00bb module_alignment=\u00bbcenter\u00bb header_font_size_tablet=\u00bb\u00bb header_font_size_phone=\u00bb25px\u00bb header_font_size_last_edited=\u00bbon|desktop\u00bb header_line_height_tablet=\u00bb\u00bb header_line_height_phone=\u00bb1.2em\u00bb header_line_height_last_edited=\u00bbon|desktop\u00bb global_colors_info=\u00bb{}\u00bb]<\/p>\n<h1>KITAS, ESCUELAS Y CENTROS DE JOVENES<\/h1>\n<p>[\/et_pb_text][et_pb_text _builder_version=\u00bb4.27.0&#8243; text_font=\u00bbRoboto|300|||||||\u00bb text_text_color=\u00bb#000000&#8243; text_font_size=\u00bb18px\u00bb text_line_height=\u00bb1.8em\u00bb link_font=\u00bb||||||||\u00bb header_font=\u00bbMuli|700|||||||\u00bb header_text_align=\u00bbcenter\u00bb header_text_color=\u00bb#297FCA\u00bb text_orientation=\u00bbcenter\u00bb max_width=\u00bb820px\u00bb module_alignment=\u00bbcenter\u00bb custom_margin=\u00bb-14px||\u00bb hover_enabled=\u00bb0&#8243; global_colors_info=\u00bb{}\u00bb sticky_enabled=\u00bb0&#8243;]<\/p>\n<p><span style=\"font-weight: 400;\">Ofrecemos diversos proyectos de artes esc\u00e9nicas para Kitas, escuelas y centros de j\u00f3venes. Nuestro enfoque es promover la inclusi\u00f3n y la diversidad, desarrollar el pensamiento cr\u00edtico, generar conciencia social y fomentar la libre expresi\u00f3n y la libertad de pensamiento.\u00a0<\/span><\/p>\n<p><span style=\"font-weight: 400;\">Trabajamos en dos distintos formatos: talleres en establecimientos y obras esc\u00e9nicas con material did\u00e1ctico.\u00a0<\/span><\/p>\n<p><span style=\"font-weight: 400;\">Revisa aqu\u00ed los proyectos disponibles: <\/span><\/p>\n<p>[\/et_pb_text][\/et_pb_column][\/et_pb_row][\/et_pb_section][et_pb_section fb_built=\u00bb1&#8243; _builder_version=\u00bb4.27.0&#8243; background_color=\u00bbrgba(136,182,189,0.17)\u00bb custom_padding=\u00bb100px||100px||true|false\u00bb animation_style=\u00bbfade\u00bb global_colors_info=\u00bb{}\u00bb][et_pb_row column_structure=\u00bb1_2,1_2&#8243; use_custom_gutter=\u00bbon\u00bb gutter_width=\u00bb2&#8243; make_equal=\u00bbon\u00bb _builder_version=\u00bb4.18.0&#8243; width=\u00bb90%\u00bb width_tablet=\u00bb90%\u00bb width_phone=\u00bb90%\u00bb width_last_edited=\u00bbon|tablet\u00bb max_width_tablet=\u00bb90%\u00bb max_width_phone=\u00bb90%\u00bb max_width_last_edited=\u00bboff|desktop\u00bb custom_padding=\u00bb21px||21px||true|\u00bb global_colors_info=\u00bb{}\u00bb][et_pb_column type=\u00bb1_2&#8243; _builder_version=\u00bb4.18.0&#8243; custom_padding=\u00bb|55px|||false|false\u00bb custom_padding_tablet=\u00bb\u00bb custom_padding_phone=\u00bb|0px|||false|false\u00bb custom_padding_last_edited=\u00bbon|phone\u00bb animation_direction=\u00bbleft\u00bb global_colors_info=\u00bb{}\u00bb][et_pb_text _builder_version=\u00bb4.22.1&#8243; header_3_font=\u00bbPoppins|700|||||||\u00bb header_3_text_align=\u00bbleft\u00bb header_3_text_color=\u00bb#000000&#8243; header_3_font_size=\u00bb40px\u00bb header_3_letter_spacing=\u00bb-1px\u00bb header_3_line_height=\u00bb1.2em\u00bb custom_margin_tablet=\u00bb-10px||||false|false\u00bb custom_margin_phone=\u00bb-10px||||false|false\u00bb custom_margin_last_edited=\u00bbon|phone\u00bb header_3_font_size_tablet=\u00bb40px\u00bb header_3_font_size_phone=\u00bb30px\u00bb header_3_font_size_last_edited=\u00bbon|phone\u00bb global_colors_info=\u00bb{}\u00bb]<\/p>\n<h3>PROYECTOS ACTUALES<\/h3>\n<p>[\/et_pb_text][\/et_pb_column][et_pb_column type=\u00bb1_2&#8243; _builder_version=\u00bb4.16&#8243; global_colors_info=\u00bb{}\u00bb][\/et_pb_column][\/et_pb_row][et_pb_row column_structure=\u00bb1_2,1_2&#8243; use_custom_gutter=\u00bbon\u00bb gutter_width=\u00bb2&#8243; make_equal=\u00bbon\u00bb _builder_version=\u00bb4.18.0&#8243; width=\u00bb90%\u00bb width_tablet=\u00bb90%\u00bb width_phone=\u00bb90%\u00bb width_last_edited=\u00bbon|tablet\u00bb max_width_tablet=\u00bb90%\u00bb max_width_phone=\u00bb90%\u00bb max_width_last_edited=\u00bboff|desktop\u00bb custom_padding=\u00bb21px||21px||true|\u00bb global_colors_info=\u00bb{}\u00bb][et_pb_column type=\u00bb1_2&#8243; _builder_version=\u00bb4.18.0&#8243; custom_padding=\u00bb|55px|||false|false\u00bb custom_padding_tablet=\u00bb\u00bb custom_padding_phone=\u00bb|0px|||false|false\u00bb custom_padding_last_edited=\u00bbon|phone\u00bb animation_direction=\u00bbleft\u00bb global_colors_info=\u00bb{}\u00bb][et_pb_text _builder_version=\u00bb4.24.1&#8243; text_font=\u00bbRoboto Condensed||||||||\u00bb text_text_color=\u00bb#000000&#8243; text_font_size=\u00bb15px\u00bb text_line_height=\u00bb1.8em\u00bb custom_margin=\u00bb-5px||||false|false\u00bb custom_margin_tablet=\u00bb-15px||||false|false\u00bb custom_margin_phone=\u00bb-15px||||false|false\u00bb custom_margin_last_edited=\u00bbon|phone\u00bb global_colors_info=\u00bb{}\u00bb]<\/p>\n<h3><strong>AVENTURAS EN PATAS<\/strong><\/h3>\n<p><span style=\"font-weight: 400;\">Teatro, m\u00fasica y respeto por los animales<\/span><\/p>\n<p><span style=\"font-weight: 400;\">De 7 a 11 a\u00f1os<\/span><\/p>\n<p><span style=\"font-weight: 400;\">(disponible en espa\u00f1ol, alem\u00e1n o ingl\u00e9s)<\/span><\/p>\n<p><span style=\"font-weight: 400;\">Docentes: Sof\u00eda Puertas y Lorena Valdenegro<\/span><\/p>\n<p><span style=\"font-weight: 400;\">Semana de proyectos<\/span><\/p>\n<p><span style=\"font-weight: 400;\">Mediante herramientas teatrales y musicales, invitamos a los ni\u00f1os y ni\u00f1as a sumergirse en el cautivador universo de los animales, al mismo tiempo que reflexionan sobre la importancia de su cuidado. A lo largo del proyecto, los ni\u00f1os se divierten creando sus propias escenas y atm\u00f3sferas musicales, explorando as\u00ed la relaci\u00f3n \u00fanica entre los humanos y los animales. Como culminaci\u00f3n, se llevar\u00e1 a cabo una muestra final donde podr\u00e1n compartir y exhibir las creaciones y aprendizajes obtenidos a lo largo de esta experiencia.<\/span><\/p>\n<p>[\/et_pb_text][\/et_pb_column][et_pb_column type=\u00bb1_2&#8243; _builder_version=\u00bb4.16&#8243; global_colors_info=\u00bb{}\u00bb][et_pb_divider show_divider=\u00bboff\u00bb _builder_version=\u00bb4.24.1&#8243; background_image=\u00bbhttps:\/\/www.aquitheaterberlin.de\/wp-content\/uploads\/2024\/04\/DSC_8448-copy-scaled.jpg\u00bb custom_padding=\u00bb170px||170px||true|false\u00bb scroll_horizontal_motion=\u00bb0|50|50|100|4|0|0&#8243; scroll_horizontal_motion_tablet=\u00bb0|50|50|100|0|0|0&#8243; scroll_horizontal_motion_phone=\u00bb0|50|50|100|0|0|0&#8243; scroll_horizontal_motion_last_edited=\u00bbon|phone\u00bb global_colors_info=\u00bb{}\u00bb][\/et_pb_divider][\/et_pb_column][\/et_pb_row][et_pb_row column_structure=\u00bb1_2,1_2&#8243; use_custom_gutter=\u00bbon\u00bb gutter_width=\u00bb2&#8243; make_equal=\u00bbon\u00bb _builder_version=\u00bb4.18.0&#8243; width=\u00bb90%\u00bb width_tablet=\u00bb90%\u00bb width_phone=\u00bb90%\u00bb width_last_edited=\u00bbon|tablet\u00bb max_width_tablet=\u00bb90%\u00bb max_width_phone=\u00bb90%\u00bb max_width_last_edited=\u00bboff|desktop\u00bb custom_padding=\u00bb33px||33px||true|\u00bb global_colors_info=\u00bb{}\u00bb][et_pb_column type=\u00bb1_2&#8243; _builder_version=\u00bb4.18.0&#8243; custom_padding=\u00bb|55px|||false|false\u00bb custom_padding_tablet=\u00bb\u00bb custom_padding_phone=\u00bb|0px|||false|false\u00bb custom_padding_last_edited=\u00bbon|phone\u00bb animation_direction=\u00bbleft\u00bb global_colors_info=\u00bb{}\u00bb][et_pb_divider show_divider=\u00bboff\u00bb _builder_version=\u00bb4.24.1&#8243; background_image=\u00bbhttps:\/\/www.aquitheaterberlin.de\/wp-content\/uploads\/2024\/04\/DSC_8467-copy-scaled.jpg\u00bb custom_padding=\u00bb170px||170px||true|false\u00bb scroll_horizontal_motion=\u00bb0|50|50|100|4|0|0&#8243; scroll_horizontal_motion_tablet=\u00bb0|50|50|100|0|0|0&#8243; scroll_horizontal_motion_phone=\u00bb0|50|50|100|0|0|0&#8243; scroll_horizontal_motion_last_edited=\u00bbon|phone\u00bb global_colors_info=\u00bb{}\u00bb][\/et_pb_divider][\/et_pb_column][et_pb_column type=\u00bb1_2&#8243; _builder_version=\u00bb4.16&#8243; global_colors_info=\u00bb{}\u00bb][et_pb_text _builder_version=\u00bb4.24.1&#8243; text_font=\u00bbRoboto Condensed||||||||\u00bb text_text_color=\u00bb#000000&#8243; text_font_size=\u00bb15px\u00bb text_line_height=\u00bb1.8em\u00bb custom_margin=\u00bb-5px||||false|false\u00bb custom_margin_tablet=\u00bb-15px||||false|false\u00bb custom_margin_phone=\u00bb-15px||||false|false\u00bb custom_margin_last_edited=\u00bbon|phone\u00bb global_colors_info=\u00bb{}\u00bb]<\/p>\n<h3><strong>LOS COLORES DEL MAR<\/strong><\/h3>\n<p><span style=\"font-weight: 400;\">Danzateatro, artes pl\u00e1sticas, artes visuales y la protecci\u00f3n de los \u00f3ceanos<\/span><\/p>\n<p><span style=\"font-weight: 400;\">De 4 a 9 a\u00f1os<\/span><\/p>\n<p><span style=\"font-weight: 400;\">Disponible en espa\u00f1ol, alem\u00e1n o ingl\u00e9s<\/span><\/p>\n<p><span style=\"font-weight: 400;\">Docentes: Irene G. Chana y Lorena Valdenegro<\/span><\/p>\n<p><span style=\"font-weight: 400;\">Semana de proyectos<\/span><\/p>\n<p><span style=\"font-weight: 400;\">En este proyecto, nos sumergiremos en la fascinante vida marina explorando sus colores y texturas mediante la danza teatro y las artes visuales y pl\u00e1sticas. Compartiremos la riqueza de la diversidad oce\u00e1nica y, al mismo tiempo, abordaremos la problem\u00e1tica actual de la contaminaci\u00f3n que afecta a los oc\u00e9anos. Con la participaci\u00f3n activa de los\/as ni\u00f1os\/as, imaginaremos soluciones creativas para proteger y preservar la vida marina. Como cierre de proceso presentaremos una exposici\u00f3n en movimiento, donde se exhibir\u00e1n las interpretaciones y las reflexiones visuales generadas durante esta inmersi\u00f3n art\u00edstica en el mundo submarino.<\/span><\/p>\n<p>[\/et_pb_text][\/et_pb_column][\/et_pb_row][et_pb_row column_structure=\u00bb1_2,1_2&#8243; use_custom_gutter=\u00bbon\u00bb gutter_width=\u00bb2&#8243; make_equal=\u00bbon\u00bb _builder_version=\u00bb4.18.0&#8243; width=\u00bb90%\u00bb width_tablet=\u00bb90%\u00bb width_phone=\u00bb90%\u00bb width_last_edited=\u00bbon|tablet\u00bb max_width_tablet=\u00bb90%\u00bb max_width_phone=\u00bb90%\u00bb max_width_last_edited=\u00bboff|desktop\u00bb custom_padding=\u00bb21px||21px||true|\u00bb global_colors_info=\u00bb{}\u00bb][et_pb_column type=\u00bb1_2&#8243; _builder_version=\u00bb4.18.0&#8243; custom_padding=\u00bb|55px|||false|false\u00bb custom_padding_tablet=\u00bb\u00bb custom_padding_phone=\u00bb|0px|||false|false\u00bb custom_padding_last_edited=\u00bbon|phone\u00bb animation_direction=\u00bbleft\u00bb global_colors_info=\u00bb{}\u00bb][et_pb_text _builder_version=\u00bb4.24.1&#8243; text_font=\u00bbRoboto Condensed||||||||\u00bb text_text_color=\u00bb#000000&#8243; text_font_size=\u00bb15px\u00bb text_line_height=\u00bb1.8em\u00bb custom_margin=\u00bb-5px||||false|false\u00bb custom_margin_tablet=\u00bb-15px||||false|false\u00bb custom_margin_phone=\u00bb-15px||||false|false\u00bb custom_margin_last_edited=\u00bbon|phone\u00bb global_colors_info=\u00bb{}\u00bb]<\/p>\n<h3><strong><b>\u00bfY SI NOS FALTA EL AGUA?<\/b><\/strong><\/h3>\n<p><span style=\"font-weight: 400;\">Teatro y grabaciones<\/span><\/p>\n<p><span style=\"font-weight: 400;\">A partir de los 12 a\u00f1os<\/span><\/p>\n<p><span style=\"font-weight: 400;\">Disponible en alem\u00e1n<\/span><\/p>\n<p><span style=\"font-weight: 400;\">Docentes: Senait Sebatlehab y Lorena Valdenegro<\/span><\/p>\n<p><span style=\"font-weight: 400;\">Semana de proyectos<\/span><\/p>\n<p><span style=\"font-weight: 400;\">Este proyecto te invita a reflexionar sobre el uso y la preservaci\u00f3n del agua. Adoptando una perspectiva decolonial, abordamos la lucha por el agua que se desarrolla en diferentes pa\u00edses del mundo. Utilizando herramientas teatrales y t\u00e9cnicas de grabaci\u00f3n de voces y sonidos, guiamos a los participantes en la creaci\u00f3n de sus propios discursos, fomentando as\u00ed la expresi\u00f3n \u00fanica de sus ideas y perspectivas sobre este crucial tema. El proyecto culmina con una muestra final de proceso, la cual revela el trayecto creativo, destacando las reflexiones individuales y colectivas que han surgido durante el proceso.<\/span><\/p>\n<p>[\/et_pb_text][\/et_pb_column][et_pb_column type=\u00bb1_2&#8243; _builder_version=\u00bb4.16&#8243; global_colors_info=\u00bb{}\u00bb][et_pb_divider show_divider=\u00bboff\u00bb _builder_version=\u00bb4.24.1&#8243; background_image=\u00bbhttps:\/\/www.aquitheaterberlin.de\/wp-content\/uploads\/2024\/04\/DSC_8542-copy-1-scaled.jpg\u00bb custom_padding=\u00bb170px||170px||true|false\u00bb scroll_horizontal_motion=\u00bb0|50|50|100|4|0|0&#8243; scroll_horizontal_motion_tablet=\u00bb0|50|50|100|0|0|0&#8243; scroll_horizontal_motion_phone=\u00bb0|50|50|100|0|0|0&#8243; scroll_horizontal_motion_last_edited=\u00bbon|phone\u00bb global_colors_info=\u00bb{}\u00bb][\/et_pb_divider][\/et_pb_column][\/et_pb_row][et_pb_row _builder_version=\u00bb4.24.1&#8243; _module_preset=\u00bbdefault\u00bb global_colors_info=\u00bb{}\u00bb][et_pb_column type=\u00bb4_4&#8243; _builder_version=\u00bb4.24.1&#8243; _module_preset=\u00bbdefault\u00bb global_colors_info=\u00bb{}\u00bb][et_pb_text _builder_version=\u00bb4.24.1&#8243; text_font=\u00bbRoboto Condensed||||||||\u00bb text_text_color=\u00bb#000000&#8243; text_font_size=\u00bb15px\u00bb text_line_height=\u00bb1.8em\u00bb header_3_font=\u00bbRoboto Condensed||||||||\u00bb header_3_text_align=\u00bbcenter\u00bb custom_margin=\u00bb-5px||||false|false\u00bb custom_margin_tablet=\u00bb-15px||||false|false\u00bb custom_margin_phone=\u00bb-15px||||false|false\u00bb custom_margin_last_edited=\u00bbon|phone\u00bb global_colors_info=\u00bb{}\u00bb]<\/p>\n<h3><strong><b><span style=\"font-weight: 400;\">\u00bfNo est\u00e1 tu idea en nuestra lista de ofertas? \u00a1No hay problema! Escr\u00edbenos a <\/span><a href=\"mailto:info@aquitheaterberlin.de\"><span style=\"font-weight: 400;\">info@aquitheaterberlin.de<\/span><\/a><span style=\"font-weight: 400;\"> y podemos colaborar y desarrollar una idea en conjunto. \u00a1Nos alegraremos de saber de ti!<\/span><\/b><\/strong><\/h3>\n<p>[\/et_pb_text][\/et_pb_column][\/et_pb_row][\/et_pb_section]<\/p>\n","protected":false},"excerpt":{"rendered":"<p>Lorem Ipsum DolorEn AQUI, nuestra misi\u00f3n primordial es abordar temas tab\u00fa en nuestra sociedad, utilizando el arte como una poderosa herramienta transformadora. \u00a0Junto a nosotras podr\u00e1s encontrar:KITAS, ESCUELAS Y CENTROS DE JOVENESOfrecemos diversos proyectos de artes esc\u00e9nicas para Kitas, escuelas y centros de j\u00f3venes. Nuestro enfoque es promover la inclusi\u00f3n y la diversidad, desarrollar el [&hellip;]<\/p>\n","protected":false},"author":1,"featured_media":0,"parent":0,"menu_order":0,"comment_status":"closed","ping_status":"closed","template":"","meta":{"_et_pb_use_builder":"on","_et_pb_old_content":"","_et_gb_content_width":"","footnotes":""},"class_list":["post-367","page","type-page","status-publish","hentry"],"_links":{"self":[{"href":"https:\/\/www.aquitheaterberlin.de\/de\/wp-json\/wp\/v2\/pages\/367","targetHints":{"allow":["GET"]}}],"collection":[{"href":"https:\/\/www.aquitheaterberlin.de\/de\/wp-json\/wp\/v2\/pages"}],"about":[{"href":"https:\/\/www.aquitheaterberlin.de\/de\/wp-json\/wp\/v2\/types\/page"}],"author":[{"embeddable":true,"href":"https:\/\/www.aquitheaterberlin.de\/de\/wp-json\/wp\/v2\/users\/1"}],"replies":[{"embeddable":true,"href":"https:\/\/www.aquitheaterberlin.de\/de\/wp-json\/wp\/v2\/comments?post=367"}],"version-history":[{"count":11,"href":"https:\/\/www.aquitheaterberlin.de\/de\/wp-json\/wp\/v2\/pages\/367\/revisions"}],"predecessor-version":[{"id":88817,"href":"https:\/\/www.aquitheaterberlin.de\/de\/wp-json\/wp\/v2\/pages\/367\/revisions\/88817"}],"wp:attachment":[{"href":"https:\/\/www.aquitheaterberlin.de\/de\/wp-json\/wp\/v2\/media?parent=367"}],"curies":[{"name":"wp","href":"https:\/\/api.w.org\/{rel}","templated":true}]}}